{"id":4865,"date":"2015-10-26T12:35:37","date_gmt":"2015-10-26T12:35:37","guid":{"rendered":"http:\/\/impreza3.us-themes.com\/?page_id=4865"},"modified":"2023-04-26T12:05:55","modified_gmt":"2023-04-26T10:05:55","slug":"blog","status":"publish","type":"page","link":"https:\/\/staging.orchidee.de\/en\/blog\/","title":{"rendered":"Blog"},"content":{"rendered":"<section class=\"l-section wpb_row height_medium color_alternate with_img\"><div class=\"l-section-img\" style=\"background-image: url(https:\/\/staging.orchidee.de\/wp-content\/uploads\/Phragmipedium-Glen-Decker_KF.jpg);\" data-img-width=\"1800\" data-img-height=\"900\"><\/div><div class=\"l-section-overlay\" style=\"background:rgba(34,35,41,0.8)\"><\/div><div class=\"l-section-h i-cf\"><div class=\"g-cols vc_row via_grid cols_1 laptops-cols_inherit tablets-cols_inherit mobiles-cols_1 valign_middle type_default stacking_default\"><div class=\"wpb_column vc_column_container\"><div class=\"vc_column-inner\"><h1 class=\"w-post-elm post_title align_center entry-title color_link_inherit\">Blog<\/h1><\/div><\/div><\/div><\/div><\/section><section class=\"l-section wpb_row height_medium\"><div class=\"l-section-h i-cf\"><div class=\"g-cols vc_row via_grid cols_1 laptops-cols_inherit tablets-cols_inherit mobiles-cols_1 valign_top type_default stacking_default\"><div class=\"wpb_column vc_column_container\"><div class=\"vc_column-inner\"><div class=\"w-grid type_grid layout_blog_4 cols_3\" id=\"us_grid_1\" data-filterable=\"true\"><style>#us_grid_1 .w-grid-item{padding:1.5rem}#us_grid_1 .w-grid-list{margin:-1.5rem -1.5rem 1.5rem}.w-grid + #us_grid_1 .w-grid-list,.w-grid-none + #us_grid_1 .w-grid-list{margin-top:1.5rem}@media (max-width:1199px){#us_grid_1 .w-grid-item{width:50%}}@media (max-width:899px){#us_grid_1 .w-grid-list{margin:0}#us_grid_1 .w-grid-item{width:100%;padding:0;margin-bottom:1.5rem}}@media (max-width:599px){#us_grid_1 .w-grid-list{margin:0}#us_grid_1 .w-grid-item{width:100%;padding:0;margin-bottom:1.5rem}}@media (min-width:1024px){#us_grid_1 .w-post-elm.post_title{font-size:1.5rem!important}}.layout_blog_4 .w-grid-item-h{}.layout_blog_4 .usg_post_image_1{margin-bottom:0.6rem!important}.layout_blog_4 .usg_post_title_1{font-size:1.2rem!important;margin-bottom:0.3rem!important}.layout_blog_4 .usg_hwrapper_1{color:var(--color-content-faded)!important;font-size:14px!important;line-height:1.6!important}<\/style><div class=\"w-grid-list\">\t<article class=\"w-grid-item size_1x1 post-25323 post type-post status-publish format-standard has-post-thumbnail hentry category-veranstaltungsberichte\" data-id=\"25323\">\r\n\t\t<div class=\"w-grid-item-h\">\r\n\t\t\t\t\t\t<div class=\"w-post-elm post_image usg_post_image_1 stretched\"><a href=\"https:\/\/staging.orchidee.de\/en\/dresdner-ostern-2024-internationale-orchideenwelt-und-europaeische-orchideenkonferenz\/\" aria-label=\"DRESDNER OSTERN 2024 \u2013 Internationale Orchideenwelt und Europ\u00e4ische Orchideenkonferenz\"><img loading=\"lazy\" decoding=\"async\" width=\"600\" height=\"400\" src=\"https:\/\/staging.orchidee.de\/wp-content\/uploads\/Eingang_Halle_1-600x400.jpg\" class=\"attachment-us_600_400_crop size-us_600_400_crop wp-post-image\" alt=\"Eingang Halle\" srcset=\"https:\/\/staging.orchidee.de\/wp-content\/uploads\/Eingang_Halle_1-600x400.jpg 600w, https:\/\/staging.orchidee.de\/wp-content\/uploads\/Eingang_Halle_1-391x260.jpg 391w\" sizes=\"auto, (max-width: 600px) 100vw, 600px\" \/><\/a><\/div><h2 class=\"w-post-elm post_title usg_post_title_1 entry-title color_link_inherit\"><a href=\"https:\/\/staging.orchidee.de\/en\/dresdner-ostern-2024-internationale-orchideenwelt-und-europaeische-orchideenkonferenz\/\">DRESDNER OSTERN 2024 \u2013 Internationale Orchideenwelt und Europ\u00e4ische Orchideenkonferenz<\/a><\/h2><div class=\"w-hwrapper usg_hwrapper_1 align_none valign_top wrap\"><time class=\"w-post-elm post_date usg_post_date_1 entry-date published\" datetime=\"2024-07-25T17:01:18+02:00\" title=\"25 July 2024 at 17:01:18 Europe\/Berlin\">25. July 2024<\/time><\/div>\t\t<\/div>\r\n\t<\/article>\r\n\t<article class=\"w-grid-item size_1x1 post-25262 post type-post status-publish format-standard has-post-thumbnail hentry category-veranstaltungsberichte\" data-id=\"25262\">\r\n\t\t<div class=\"w-grid-item-h\">\r\n\t\t\t\t\t\t<div class=\"w-post-elm post_image usg_post_image_1 stretched\"><a href=\"https:\/\/staging.orchidee.de\/en\/internationale-orchideenwelt-der-dresdner-ostern-2023-2\/\" aria-label=\"Pr\u00e4mierte Z\u00fcchtungen von der EOC 2024 in Dresden\"><img loading=\"lazy\" decoding=\"async\" width=\"600\" height=\"400\" src=\"https:\/\/staging.orchidee.de\/wp-content\/uploads\/Rhyncattleanthe-Love-Passion-Islander-Schanz-600x400.jpg\" class=\"attachment-us_600_400_crop size-us_600_400_crop wp-post-image\" alt=\"Rhyncattleanthe Love Passion &#039;Islander-Schanz&#039;\" srcset=\"https:\/\/staging.orchidee.de\/wp-content\/uploads\/Rhyncattleanthe-Love-Passion-Islander-Schanz-600x400.jpg 600w, https:\/\/staging.orchidee.de\/wp-content\/uploads\/Rhyncattleanthe-Love-Passion-Islander-Schanz-320x213.jpg 320w, https:\/\/staging.orchidee.de\/wp-content\/uploads\/Rhyncattleanthe-Love-Passion-Islander-Schanz-1024x683.jpg 1024w, https:\/\/staging.orchidee.de\/wp-content\/uploads\/Rhyncattleanthe-Love-Passion-Islander-Schanz-391x260.jpg 391w, https:\/\/staging.orchidee.de\/wp-content\/uploads\/Rhyncattleanthe-Love-Passion-Islander-Schanz-1536x1024.jpg 1536w, https:\/\/staging.orchidee.de\/wp-content\/uploads\/Rhyncattleanthe-Love-Passion-Islander-Schanz-640x427.jpg 640w, https:\/\/staging.orchidee.de\/wp-content\/uploads\/Rhyncattleanthe-Love-Passion-Islander-Schanz-540x360.jpg 540w\" sizes=\"auto, (max-width: 600px) 100vw, 600px\" \/><\/a><\/div><h2 class=\"w-post-elm post_title usg_post_title_1 entry-title color_link_inherit\"><a href=\"https:\/\/staging.orchidee.de\/en\/internationale-orchideenwelt-der-dresdner-ostern-2023-2\/\">Pr\u00e4mierte Z\u00fcchtungen von der EOC 2024 in Dresden<\/a><\/h2><div class=\"w-hwrapper usg_hwrapper_1 align_none valign_top wrap\"><time class=\"w-post-elm post_date usg_post_date_1 entry-date published\" datetime=\"2024-07-10T10:51:11+02:00\" title=\"10 July 2024 at 10:51:11 Europe\/Berlin\">10. July 2024<\/time><\/div>\t\t<\/div>\r\n\t<\/article>\r\n\t<article class=\"w-grid-item size_1x1 post-25179 post type-post status-publish format-standard has-post-thumbnail hentry category-buchvorstellung\" data-id=\"25179\">\r\n\t\t<div class=\"w-grid-item-h\">\r\n\t\t\t\t\t\t<div class=\"w-post-elm post_image usg_post_image_1 stretched\"><a href=\"https:\/\/staging.orchidee.de\/en\/materials-to-the-orchid-flora-of-colombia-vol-iv\/\" aria-label=\"Materials to the Orchid Flora of Colombia, Vol.\u202fIV\"><img loading=\"lazy\" decoding=\"async\" width=\"600\" height=\"400\" src=\"https:\/\/staging.orchidee.de\/wp-content\/uploads\/Materias-to-the-Orchid-Flora-of-Colombia-Vol-IV-600x400.jpg\" class=\"attachment-us_600_400_crop size-us_600_400_crop wp-post-image\" alt=\"Materias to the Orchid Flora of Colombia, Vol IV\" srcset=\"https:\/\/staging.orchidee.de\/wp-content\/uploads\/Materias-to-the-Orchid-Flora-of-Colombia-Vol-IV-600x400.jpg 600w, https:\/\/staging.orchidee.de\/wp-content\/uploads\/Materias-to-the-Orchid-Flora-of-Colombia-Vol-IV-391x260.jpg 391w\" sizes=\"auto, (max-width: 600px) 100vw, 600px\" \/><\/a><\/div><h2 class=\"w-post-elm post_title usg_post_title_1 entry-title color_link_inherit\"><a href=\"https:\/\/staging.orchidee.de\/en\/materials-to-the-orchid-flora-of-colombia-vol-iv\/\">Materials to the Orchid Flora of Colombia, Vol.\u202fIV<\/a><\/h2><div class=\"w-hwrapper usg_hwrapper_1 align_none valign_top wrap\"><time class=\"w-post-elm post_date usg_post_date_1 entry-date published\" datetime=\"2024-06-05T19:54:06+02:00\" title=\"5 June 2024 at 19:54:06 Europe\/Berlin\">5. June 2024<\/time><\/div>\t\t<\/div>\r\n\t<\/article>\r\n\t<article class=\"w-grid-item size_1x1 post-25024 post type-post status-publish format-standard has-post-thumbnail hentry category-orchidee-der-woche\" data-id=\"25024\">\r\n\t\t<div class=\"w-grid-item-h\">\r\n\t\t\t\t\t\t<div class=\"w-post-elm post_image usg_post_image_1 stretched\"><a href=\"https:\/\/staging.orchidee.de\/en\/ansellia-africana\/\" aria-label=\"Ansellia africana\"><img loading=\"lazy\" decoding=\"async\" width=\"600\" height=\"400\" src=\"https:\/\/staging.orchidee.de\/wp-content\/uploads\/Ansellia-africana_01-600x400.jpg\" class=\"attachment-us_600_400_crop size-us_600_400_crop wp-post-image\" alt=\"Ansellia africana\" srcset=\"https:\/\/staging.orchidee.de\/wp-content\/uploads\/Ansellia-africana_01-600x400.jpg 600w, https:\/\/staging.orchidee.de\/wp-content\/uploads\/Ansellia-africana_01-391x260.jpg 391w\" sizes=\"auto, (max-width: 600px) 100vw, 600px\" \/><\/a><\/div><h2 class=\"w-post-elm post_title usg_post_title_1 entry-title color_link_inherit\"><a href=\"https:\/\/staging.orchidee.de\/en\/ansellia-africana\/\">Ansellia africana<\/a><\/h2><div class=\"w-hwrapper usg_hwrapper_1 align_none valign_top wrap\"><time class=\"w-post-elm post_date usg_post_date_1 entry-date published\" datetime=\"2024-04-15T00:01:41+02:00\" title=\"15 April 2024 at 00:01:41 Europe\/Berlin\">15. April 2024<\/time><div class=\"w-post-elm post_comments usg_post_comments_1 layout_amount color_link_inherit\"><i class=\"far fa-comments\"><\/i><a class=\"smooth-scroll\" href=\"https:\/\/staging.orchidee.de\/en\/ansellia-africana\/#comments\">2 <span class=\"screen-reader-text\">Comments<\/span><\/a><\/div><\/div>\t\t<\/div>\r\n\t<\/article>\r\n\t<article class=\"w-grid-item size_1x1 post-24548 post type-post status-publish format-standard has-post-thumbnail hentry category-orchidee-der-woche\" data-id=\"24548\">\r\n\t\t<div class=\"w-grid-item-h\">\r\n\t\t\t\t\t\t<div class=\"w-post-elm post_image usg_post_image_1 stretched\"><a href=\"https:\/\/staging.orchidee.de\/en\/epidendrum-centropetalum\/\" aria-label=\"Epidendrum centropetalum\"><img loading=\"lazy\" decoding=\"async\" width=\"600\" height=\"400\" src=\"https:\/\/staging.orchidee.de\/wp-content\/uploads\/Epidendrum-centropetalum_01-600x400.jpg\" class=\"attachment-us_600_400_crop size-us_600_400_crop wp-post-image\" alt=\"Epidendrum centropetalum\" srcset=\"https:\/\/staging.orchidee.de\/wp-content\/uploads\/Epidendrum-centropetalum_01-600x400.jpg 600w, https:\/\/staging.orchidee.de\/wp-content\/uploads\/Epidendrum-centropetalum_01-391x260.jpg 391w\" sizes=\"auto, (max-width: 600px) 100vw, 600px\" \/><\/a><\/div><h2 class=\"w-post-elm post_title usg_post_title_1 entry-title color_link_inherit\"><a href=\"https:\/\/staging.orchidee.de\/en\/epidendrum-centropetalum\/\">Epidendrum centropetalum<\/a><\/h2><div class=\"w-hwrapper usg_hwrapper_1 align_none valign_top wrap\"><time class=\"w-post-elm post_date usg_post_date_1 entry-date published\" datetime=\"2024-02-05T00:01:43+01:00\" title=\"5 February 2024 at 00:01:43 Europe\/Berlin\">5. February 2024<\/time><\/div>\t\t<\/div>\r\n\t<\/article>\r\n\t<article class=\"w-grid-item size_1x1 post-24495 post type-post status-publish format-standard has-post-thumbnail hentry category-orchidee-der-woche\" data-id=\"24495\">\r\n\t\t<div class=\"w-grid-item-h\">\r\n\t\t\t\t\t\t<div class=\"w-post-elm post_image usg_post_image_1 stretched\"><a href=\"https:\/\/staging.orchidee.de\/en\/polystachya-pubescens\/\" aria-label=\"Polystachya pubescens\"><img loading=\"lazy\" decoding=\"async\" width=\"600\" height=\"400\" src=\"https:\/\/staging.orchidee.de\/wp-content\/uploads\/Polystachya-pubescens_01-600x400.jpg\" class=\"attachment-us_600_400_crop size-us_600_400_crop wp-post-image\" alt=\"Polystachya pubescens\" srcset=\"https:\/\/staging.orchidee.de\/wp-content\/uploads\/Polystachya-pubescens_01-600x400.jpg 600w, https:\/\/staging.orchidee.de\/wp-content\/uploads\/Polystachya-pubescens_01-391x260.jpg 391w\" sizes=\"auto, (max-width: 600px) 100vw, 600px\" \/><\/a><\/div><h2 class=\"w-post-elm post_title usg_post_title_1 entry-title color_link_inherit\"><a href=\"https:\/\/staging.orchidee.de\/en\/polystachya-pubescens\/\">Polystachya pubescens<\/a><\/h2><div class=\"w-hwrapper usg_hwrapper_1 align_none valign_top wrap\"><time class=\"w-post-elm post_date usg_post_date_1 entry-date published\" datetime=\"2024-01-15T00:01:57+01:00\" title=\"15 January 2024 at 00:01:57 Europe\/Berlin\">15. January 2024<\/time><\/div>\t\t<\/div>\r\n\t<\/article>\r\n<\/div><div class=\"w-grid-preloader\"><div class=\"g-preloader type_1\">\r\n\t<div><\/div>\r\n<\/div>\r\n<\/div>\t\t<div class=\"g-loadmore \">\r\n\t\t\t<div class=\"g-preloader type_1\">\r\n\t\t\t\t<div><\/div>\r\n\t\t\t<\/div>\r\n\t\t\t<button class=\"w-btn us-btn-style_1\">\r\n\t\t\t\t<span class=\"w-btn-label\">Load More<\/span>\r\n\t\t\t<\/button>\r\n\t\t<\/div>\r\n\t\t\t<div class=\"w-grid-json hidden\" onclick='return {&quot;action&quot;:&quot;us_ajax_grid&quot;,&quot;ajax_url&quot;:&quot;https:\\\/\\\/staging.orchidee.de\\\/wp-admin\\\/admin-ajax.php&quot;,&quot;infinite_scroll&quot;:true,&quot;max_num_pages&quot;:56,&quot;pagination&quot;:&quot;ajax&quot;,&quot;permalink_url&quot;:&quot;https:\\\/\\\/staging.orchidee.de\\\/en\\\/wp-json\\\/wp\\\/v2\\\/pages\\\/4865\\\/&quot;,&quot;template_vars&quot;:{&quot;columns&quot;:&quot;3&quot;,&quot;exclude_items&quot;:&quot;none&quot;,&quot;img_size&quot;:&quot;us_600_400_crop&quot;,&quot;ignore_items_size&quot;:0,&quot;items_layout&quot;:&quot;blog_4&quot;,&quot;items_offset&quot;:&quot;1&quot;,&quot;load_animation&quot;:&quot;none&quot;,&quot;overriding_link&quot;:&quot;none&quot;,&quot;post_id&quot;:4865,&quot;query_args&quot;:{&quot;post_type&quot;:[&quot;post&quot;],&quot;post_status&quot;:[&quot;publish&quot;],&quot;posts_per_page&quot;:&quot;6&quot;},&quot;orderby_query_args&quot;:{&quot;orderby&quot;:{&quot;date&quot;:&quot;DESC&quot;}},&quot;type&quot;:&quot;grid&quot;,&quot;us_grid_ajax_index&quot;:1,&quot;us_grid_filter_params&quot;:null,&quot;us_grid_index&quot;:1,&quot;_us_grid_post_type&quot;:&quot;post&quot;,&quot;lang&quot;:&quot;en&quot;}}'><\/div>\r\n\t<\/div><\/div><\/div><\/div><\/div><\/section>\n","protected":false},"excerpt":{"rendered":"Polystachya pubescens Polystachya pubescens\u00a0\u2013 Einzelbl\u00fcte (Foto: Martin Kirsch) [vc_wp_text] Autor\/in: Martin Kirsch Ver\u00f6ffentlicht: 15.01.2024 [\/vc_wp_text]William Jackson HOOKER beschrieb bereits 1824 die Gattung Polystachya, die in gro\u00dfen Teilen der Tropen der Welt au\u00dfer Australien und Ozeanien vorkommt. Die Art pubescens wurde 1837 von John LINDLEY zun\u00e4chst als Epiphora pubescens beschrieben. Heinrich Gustav REICHENBACH fil. kombinierte sie...","protected":false},"author":9,"featured_media":0,"parent":0,"menu_order":0,"comment_status":"closed","ping_status":"closed","template":"","meta":{"footnotes":""},"class_list":["post-4865","page","type-page","status-publish","hentry"],"_links":{"self":[{"href":"https:\/\/staging.orchidee.de\/en\/wp-json\/wp\/v2\/pages\/4865","targetHints":{"allow":["GET"]}}],"collection":[{"href":"https:\/\/staging.orchidee.de\/en\/wp-json\/wp\/v2\/pages"}],"about":[{"href":"https:\/\/staging.orchidee.de\/en\/wp-json\/wp\/v2\/types\/page"}],"author":[{"embeddable":true,"href":"https:\/\/staging.orchidee.de\/en\/wp-json\/wp\/v2\/users\/9"}],"replies":[{"embeddable":true,"href":"https:\/\/staging.orchidee.de\/en\/wp-json\/wp\/v2\/comments?post=4865"}],"version-history":[{"count":1,"href":"https:\/\/staging.orchidee.de\/en\/wp-json\/wp\/v2\/pages\/4865\/revisions"}],"predecessor-version":[{"id":19829,"href":"https:\/\/staging.orchidee.de\/en\/wp-json\/wp\/v2\/pages\/4865\/revisions\/19829"}],"wp:attachment":[{"href":"https:\/\/staging.orchidee.de\/en\/wp-json\/wp\/v2\/media?parent=4865"}],"curies":[{"name":"wp","href":"https:\/\/api.w.org\/{rel}","templated":true}]}}