{"id":39,"date":"2013-05-31T12:09:26","date_gmt":"2013-05-31T12:09:26","guid":{"rendered":"http:\/\/impreza3.us-themes.com\/portfolio\/"},"modified":"2023-04-26T12:06:55","modified_gmt":"2023-04-26T10:06:55","slug":"portfolio","status":"publish","type":"page","link":"https:\/\/staging.orchidee.de\/en\/portfolio\/","title":{"rendered":"Portfolio"},"content":{"rendered":"<section class=\"l-section wpb_row height_medium color_alternate with_img\"><div class=\"l-section-img\" style=\"background-image: url(https:\/\/staging.orchidee.de\/wp-content\/uploads\/Phragmipedium-Glen-Decker_KF.jpg);\" data-img-width=\"1800\" data-img-height=\"900\"><\/div><div class=\"l-section-overlay\" style=\"background:rgba(34,35,41,0.8)\"><\/div><div class=\"l-section-h i-cf\"><div class=\"g-cols vc_row via_grid cols_1 laptops-cols_inherit tablets-cols_inherit mobiles-cols_1 valign_top type_default stacking_default\"><div class=\"wpb_column vc_column_container\"><div class=\"vc_column-inner\"><h1 class=\"w-post-elm post_title align_center entry-title color_link_inherit\">Portfolio<\/h1><\/div><\/div><\/div><\/div><\/section><section class=\"l-section wpb_row height_auto width_full color_alternate\"><div class=\"l-section-h i-cf\"><div class=\"g-cols vc_row via_grid cols_1 laptops-cols_inherit tablets-cols_inherit mobiles-cols_1 valign_top type_default stacking_default\"><div class=\"wpb_column vc_column_container\"><div class=\"vc_column-inner\"><div class=\"w-grid type_masonry layout_5987 cols_3 with_isotope with_css_animation no_gap ratio_3x2\" id=\"us_grid_1\" data-filterable=\"true\"><style>@media (max-width:899px){#us_grid_1 .w-grid-item{width:50%}#us_grid_1 .w-grid-item.size_2x1,#us_grid_1 .w-grid-item.size_2x2{width:100%}}@media (max-width:599px){#us_grid_1 .w-grid-item{width:100%}}.layout_5987 .w-grid-item-h:before{padding-bottom:66.6667%}@media (min-width:600px){.layout_5987 .w-grid-item.size_1x2 .w-grid-item-h:before{padding-bottom:calc(133.3333% + 0px + 0px)}.layout_5987 .w-grid-item.size_2x1 .w-grid-item-h:before{padding-bottom:calc(33.3333% - 0px * 0.6667)}.layout_5987 .w-grid-item.size_2x2 .w-grid-item-h:before{padding-bottom:calc(66.6667% - 0px * -0.6666)}}.layout_5987 .w-grid-item-h{}.layout_5987 .usg_post_image_1{transition-duration:0.4s;transform-origin:50% 50%;transform:scale(0.3) translate(15%,15%)}.layout_5987 .w-grid-item-h:hover .usg_post_image_1{transform:scale(1) translate(0%,0%);opacity:1}.layout_5987 .usg_post_image_1{position:absolute!important;left:0!important;top:0!important;bottom:0!important;right:0!important}.layout_5987 .usg_post_title_1{color:inherit!important;font-size:calc(1rem + 0.8vw)!important;font-weight:700!important;padding-left:10%!important;padding-top:10%!important}.layout_5987 .usg_post_content_1{color:var(--color-header-middle-text-hover)!important;text-align:center!important;font-size:1rem!important;font-weight:600!important}<\/style><div class=\"w-grid-list\">\t<article class=\"w-grid-item us_animate_afc off_autostart size_1x1 post-25909 us_portfolio type-us_portfolio status-publish has-post-thumbnail hentry us_portfolio_category-champion\" data-id=\"25909\" style=\"animation-delay:0s\">\r\n\t\t<div class=\"w-grid-item-h\">\r\n\t\t\t\t\t\t\t<a class=\"w-grid-item-anchor\" href=\"https:\/\/staging.orchidee.de\/en\/portfolio\/phalaenopsis-gigantea-queen-of-borneo\/\" rel=\"bookmark\" aria-label=\"Phalaenopsis gigantea  &#8216;Queen of Borneo&#8217;\"><\/a>\r\n\t\t\t\t\t\t<div class=\"w-post-elm post_image usg_post_image_1 grid_corner_image as_circle stretched\"><a href=\"https:\/\/staging.orchidee.de\/en\/portfolio\/phalaenopsis-gigantea-queen-of-borneo\/\" aria-label=\"Phalaenopsis gigantea  &#8216;Queen of Borneo&#8217;\"><img loading=\"lazy\" decoding=\"async\" width=\"768\" height=\"1024\" src=\"https:\/\/staging.orchidee.de\/wp-content\/uploads\/Phalaenopsis-gigantea-Queen-of-Borneo-768x1024.jpg\" class=\"attachment-large size-large wp-post-image\" alt=\"Phalaenopsis gigantea &#039;Queen of Borneo&#039;\" srcset=\"https:\/\/staging.orchidee.de\/wp-content\/uploads\/Phalaenopsis-gigantea-Queen-of-Borneo-768x1024.jpg 768w, https:\/\/staging.orchidee.de\/wp-content\/uploads\/Phalaenopsis-gigantea-Queen-of-Borneo-240x320.jpg 240w, https:\/\/staging.orchidee.de\/wp-content\/uploads\/Phalaenopsis-gigantea-Queen-of-Borneo-300x400.jpg 300w, https:\/\/staging.orchidee.de\/wp-content\/uploads\/Phalaenopsis-gigantea-Queen-of-Borneo-1152x1536.jpg 1152w, https:\/\/staging.orchidee.de\/wp-content\/uploads\/Phalaenopsis-gigantea-Queen-of-Borneo-480x640.jpg 480w, https:\/\/staging.orchidee.de\/wp-content\/uploads\/Phalaenopsis-gigantea-Queen-of-Borneo.jpg 1800w\" sizes=\"auto, (max-width: 768px) 100vw, 768px\" \/><\/a><\/div><h4 class=\"w-post-elm post_title usg_post_title_1 entry-title color_link_inherit\">Phalaenopsis gigantea  &#8216;Queen of Borneo&#8217;<\/h4><div class=\"w-post-elm post_content usg_post_content_1\">01\/2025&hellip;<\/div>\t\t<\/div>\r\n\t<\/article>\r\n\t<article class=\"w-grid-item us_animate_afc off_autostart size_1x1 post-25827 us_portfolio type-us_portfolio status-publish has-post-thumbnail hentry us_portfolio_category-champion\" data-id=\"25827\" style=\"animation-delay:0.1s\">\r\n\t\t<div class=\"w-grid-item-h\">\r\n\t\t\t\t\t\t\t<a class=\"w-grid-item-anchor\" href=\"https:\/\/staging.orchidee.de\/en\/portfolio\/habenaria-n-r-kats-whiskers-x-lindleyana-geisterchen\/\" rel=\"bookmark\" aria-label=\"Habenaria n.r. (Kat\u2018s Whiskers \u00d7 lindleyana) &#8216;Geisterchen&#8217;\"><\/a>\r\n\t\t\t\t\t\t<div class=\"w-post-elm post_image usg_post_image_1 grid_corner_image as_circle stretched\"><a href=\"https:\/\/staging.orchidee.de\/en\/portfolio\/habenaria-n-r-kats-whiskers-x-lindleyana-geisterchen\/\" aria-label=\"Habenaria n.r. (Kat\u2018s Whiskers \u00d7 lindleyana) &#8216;Geisterchen&#8217;\"><img loading=\"lazy\" decoding=\"async\" width=\"768\" height=\"1024\" src=\"https:\/\/staging.orchidee.de\/wp-content\/uploads\/Habenaria-n.r.-Kat\u2018s-Whiskers-\u00d7-lindleyana-Geisterchen-768x1024.jpg\" class=\"attachment-large size-large wp-post-image\" alt=\"Habenaria n.r. (Kat\u2018s Whiskers \u00d7 lindleyana) &#039;Geisterchen&#039;\" srcset=\"https:\/\/staging.orchidee.de\/wp-content\/uploads\/Habenaria-n.r.-Kat\u2018s-Whiskers-\u00d7-lindleyana-Geisterchen-768x1024.jpg 768w, https:\/\/staging.orchidee.de\/wp-content\/uploads\/Habenaria-n.r.-Kat\u2018s-Whiskers-\u00d7-lindleyana-Geisterchen-240x320.jpg 240w, https:\/\/staging.orchidee.de\/wp-content\/uploads\/Habenaria-n.r.-Kat\u2018s-Whiskers-\u00d7-lindleyana-Geisterchen-300x400.jpg 300w, https:\/\/staging.orchidee.de\/wp-content\/uploads\/Habenaria-n.r.-Kat\u2018s-Whiskers-\u00d7-lindleyana-Geisterchen-1152x1536.jpg 1152w, https:\/\/staging.orchidee.de\/wp-content\/uploads\/Habenaria-n.r.-Kat\u2018s-Whiskers-\u00d7-lindleyana-Geisterchen-480x640.jpg 480w, https:\/\/staging.orchidee.de\/wp-content\/uploads\/Habenaria-n.r.-Kat\u2018s-Whiskers-\u00d7-lindleyana-Geisterchen.jpg 1800w\" sizes=\"auto, (max-width: 768px) 100vw, 768px\" \/><\/a><\/div><h4 class=\"w-post-elm post_title usg_post_title_1 entry-title color_link_inherit\">Habenaria n.r. (Kat\u2018s Whiskers \u00d7 lindleyana) &#8216;Geisterchen&#8217;<\/h4><div class=\"w-post-elm post_content usg_post_content_1\">12\/2024&hellip;<\/div>\t\t<\/div>\r\n\t<\/article>\r\n\t<article class=\"w-grid-item us_animate_afc off_autostart size_1x1 post-25629 us_portfolio type-us_portfolio status-publish has-post-thumbnail hentry us_portfolio_category-champion\" data-id=\"25629\" style=\"animation-delay:0.2s\">\r\n\t\t<div class=\"w-grid-item-h\">\r\n\t\t\t\t\t\t\t<a class=\"w-grid-item-anchor\" href=\"https:\/\/staging.orchidee.de\/en\/portfolio\/paphiopedilum-rungsuriyanum-xenomorph\/\" rel=\"bookmark\" aria-label=\"Paphiopedilum rungsuriyanum  \u2018Xenomorph\u2018\"><\/a>\r\n\t\t\t\t\t\t<div class=\"w-post-elm post_image usg_post_image_1 grid_corner_image as_circle stretched\"><a href=\"https:\/\/staging.orchidee.de\/en\/portfolio\/paphiopedilum-rungsuriyanum-xenomorph\/\" aria-label=\"Paphiopedilum rungsuriyanum  \u2018Xenomorph\u2018\"><img loading=\"lazy\" decoding=\"async\" width=\"1024\" height=\"1024\" src=\"https:\/\/staging.orchidee.de\/wp-content\/uploads\/Paphiopedilum-rungsuriyanum-Xenomorph-1024x1024.jpg\" class=\"attachment-large size-large wp-post-image\" alt=\"Paphiopedilum rungsuriyanum &#039;Xenomorph&#039;\" srcset=\"https:\/\/staging.orchidee.de\/wp-content\/uploads\/Paphiopedilum-rungsuriyanum-Xenomorph-1024x1024.jpg 1024w, https:\/\/staging.orchidee.de\/wp-content\/uploads\/Paphiopedilum-rungsuriyanum-Xenomorph-320x320.jpg 320w, https:\/\/staging.orchidee.de\/wp-content\/uploads\/Paphiopedilum-rungsuriyanum-Xenomorph-150x150.jpg 150w, https:\/\/staging.orchidee.de\/wp-content\/uploads\/Paphiopedilum-rungsuriyanum-Xenomorph-300x300.jpg 300w, https:\/\/staging.orchidee.de\/wp-content\/uploads\/Paphiopedilum-rungsuriyanum-Xenomorph-1536x1536.jpg 1536w, https:\/\/staging.orchidee.de\/wp-content\/uploads\/Paphiopedilum-rungsuriyanum-Xenomorph-640x640.jpg 640w, https:\/\/staging.orchidee.de\/wp-content\/uploads\/Paphiopedilum-rungsuriyanum-Xenomorph-400x400.jpg 400w, https:\/\/staging.orchidee.de\/wp-content\/uploads\/Paphiopedilum-rungsuriyanum-Xenomorph-1000x1000.jpg 1000w\" sizes=\"auto, (max-width: 1024px) 100vw, 1024px\" \/><\/a><\/div><h4 class=\"w-post-elm post_title usg_post_title_1 entry-title color_link_inherit\">Paphiopedilum rungsuriyanum  \u2018Xenomorph\u2018<\/h4><div class=\"w-post-elm post_content usg_post_content_1\">11\/2024&hellip;<\/div>\t\t<\/div>\r\n\t<\/article>\r\n\t<article class=\"w-grid-item us_animate_afc off_autostart size_1x1 post-25597 us_portfolio type-us_portfolio status-publish has-post-thumbnail hentry us_portfolio_category-champion\" data-id=\"25597\" style=\"animation-delay:0.3s\">\r\n\t\t<div class=\"w-grid-item-h\">\r\n\t\t\t\t\t\t\t<a class=\"w-grid-item-anchor\" href=\"https:\/\/staging.orchidee.de\/en\/portfolio\/cattleya-dowiana-the-princess\/\" rel=\"bookmark\" aria-label=\"Cattleya dowiana \u2018The Princess\u2018\"><\/a>\r\n\t\t\t\t\t\t<div class=\"w-post-elm post_image usg_post_image_1 grid_corner_image as_circle stretched\"><a href=\"https:\/\/staging.orchidee.de\/en\/portfolio\/cattleya-dowiana-the-princess\/\" aria-label=\"Cattleya dowiana \u2018The Princess\u2018\"><img loading=\"lazy\" decoding=\"async\" width=\"883\" height=\"1024\" src=\"https:\/\/staging.orchidee.de\/wp-content\/uploads\/Cattleya-dowiana-The-Princess-883x1024.jpg\" class=\"attachment-large size-large wp-post-image\" alt=\"Cattleya dowiana &#039;The Princess&#039;\" srcset=\"https:\/\/staging.orchidee.de\/wp-content\/uploads\/Cattleya-dowiana-The-Princess-883x1024.jpg 883w, https:\/\/staging.orchidee.de\/wp-content\/uploads\/Cattleya-dowiana-The-Princess-276x320.jpg 276w, https:\/\/staging.orchidee.de\/wp-content\/uploads\/Cattleya-dowiana-The-Princess-1324x1536.jpg 1324w, https:\/\/staging.orchidee.de\/wp-content\/uploads\/Cattleya-dowiana-The-Princess-552x640.jpg 552w, https:\/\/staging.orchidee.de\/wp-content\/uploads\/Cattleya-dowiana-The-Princess-345x400.jpg 345w, https:\/\/staging.orchidee.de\/wp-content\/uploads\/Cattleya-dowiana-The-Princess.jpg 1688w\" sizes=\"auto, (max-width: 883px) 100vw, 883px\" \/><\/a><\/div><h4 class=\"w-post-elm post_title usg_post_title_1 entry-title color_link_inherit\">Cattleya dowiana \u2018The Princess\u2018<\/h4><div class=\"w-post-elm post_content usg_post_content_1\">10\/2024&hellip;<\/div>\t\t<\/div>\r\n\t<\/article>\r\n\t<article class=\"w-grid-item us_animate_afc off_autostart size_1x1 post-25521 us_portfolio type-us_portfolio status-publish has-post-thumbnail hentry us_portfolio_category-champion\" data-id=\"25521\" style=\"animation-delay:0.4s\">\r\n\t\t<div class=\"w-grid-item-h\">\r\n\t\t\t\t\t\t\t<a class=\"w-grid-item-anchor\" href=\"https:\/\/staging.orchidee.de\/en\/portfolio\/cattleya-marilyn-lew-die-wundertuete\/\" rel=\"bookmark\" aria-label=\"Cattleya Marilyn Lew \u2018Die Wundert\u00fcte\u2018\"><\/a>\r\n\t\t\t\t\t\t<div class=\"w-post-elm post_image usg_post_image_1 grid_corner_image as_circle stretched\"><a href=\"https:\/\/staging.orchidee.de\/en\/portfolio\/cattleya-marilyn-lew-die-wundertuete\/\" aria-label=\"Cattleya Marilyn Lew \u2018Die Wundert\u00fcte\u2018\"><img loading=\"lazy\" decoding=\"async\" width=\"1024\" height=\"795\" src=\"https:\/\/staging.orchidee.de\/wp-content\/uploads\/Cattleya-Marilyn-Lew-Die-Wundertuete-1024x795.jpg\" class=\"attachment-large size-large wp-post-image\" alt=\"Cattleya Marilyn Lew &#039;Die Wundert\u00fcte&#039;\" srcset=\"https:\/\/staging.orchidee.de\/wp-content\/uploads\/Cattleya-Marilyn-Lew-Die-Wundertuete-1024x795.jpg 1024w, https:\/\/staging.orchidee.de\/wp-content\/uploads\/Cattleya-Marilyn-Lew-Die-Wundertuete-320x248.jpg 320w, https:\/\/staging.orchidee.de\/wp-content\/uploads\/Cattleya-Marilyn-Lew-Die-Wundertuete-1536x1192.jpg 1536w, https:\/\/staging.orchidee.de\/wp-content\/uploads\/Cattleya-Marilyn-Lew-Die-Wundertuete-640x497.jpg 640w, https:\/\/staging.orchidee.de\/wp-content\/uploads\/Cattleya-Marilyn-Lew-Die-Wundertuete-515x400.jpg 515w\" sizes=\"auto, (max-width: 1024px) 100vw, 1024px\" \/><\/a><\/div><h4 class=\"w-post-elm post_title usg_post_title_1 entry-title color_link_inherit\">Cattleya Marilyn Lew \u2018Die Wundert\u00fcte\u2018<\/h4><div class=\"w-post-elm post_content usg_post_content_1\">09\/2024&hellip;<\/div>\t\t<\/div>\r\n\t<\/article>\r\n\t<article class=\"w-grid-item us_animate_afc off_autostart size_1x1 post-25470 us_portfolio type-us_portfolio status-publish has-post-thumbnail hentry us_portfolio_category-champion\" data-id=\"25470\" style=\"animation-delay:0.5s\">\r\n\t\t<div class=\"w-grid-item-h\">\r\n\t\t\t\t\t\t\t<a class=\"w-grid-item-anchor\" href=\"https:\/\/staging.orchidee.de\/en\/portfolio\/stanhopea-tigrina-var-nigroviolacea-xenomorph\/\" rel=\"bookmark\" aria-label=\"Stanhopea tigrina var. nigroviolacea \u2018Xenomorph\u2018\"><\/a>\r\n\t\t\t\t\t\t<div class=\"w-post-elm post_image usg_post_image_1 grid_corner_image as_circle stretched\"><a href=\"https:\/\/staging.orchidee.de\/en\/portfolio\/stanhopea-tigrina-var-nigroviolacea-xenomorph\/\" aria-label=\"Stanhopea tigrina var. nigroviolacea \u2018Xenomorph\u2018\"><img loading=\"lazy\" decoding=\"async\" width=\"974\" height=\"807\" src=\"https:\/\/staging.orchidee.de\/wp-content\/uploads\/Stanhopea-tigrina-var-nigroviolacea-Xenomorph.jpg\" class=\"attachment-large size-large wp-post-image\" alt=\"Stanhopea tigrina var. nigroviolacea &#039;Xenomorph&#039;\" srcset=\"https:\/\/staging.orchidee.de\/wp-content\/uploads\/Stanhopea-tigrina-var-nigroviolacea-Xenomorph.jpg 974w, https:\/\/staging.orchidee.de\/wp-content\/uploads\/Stanhopea-tigrina-var-nigroviolacea-Xenomorph-320x265.jpg 320w, https:\/\/staging.orchidee.de\/wp-content\/uploads\/Stanhopea-tigrina-var-nigroviolacea-Xenomorph-640x530.jpg 640w, https:\/\/staging.orchidee.de\/wp-content\/uploads\/Stanhopea-tigrina-var-nigroviolacea-Xenomorph-483x400.jpg 483w\" sizes=\"auto, (max-width: 974px) 100vw, 974px\" \/><\/a><\/div><h4 class=\"w-post-elm post_title usg_post_title_1 entry-title color_link_inherit\">Stanhopea tigrina var. nigroviolacea \u2018Xenomorph\u2018<\/h4><div class=\"w-post-elm post_content usg_post_content_1\">08\/2024&hellip;<\/div>\t\t<\/div>\r\n\t<\/article>\r\n\t<article class=\"w-grid-item us_animate_afc off_autostart size_1x1 post-25391 us_portfolio type-us_portfolio status-publish has-post-thumbnail hentry us_portfolio_category-champion\" data-id=\"25391\" style=\"animation-delay:0s\">\r\n\t\t<div class=\"w-grid-item-h\">\r\n\t\t\t\t\t\t\t<a class=\"w-grid-item-anchor\" href=\"https:\/\/staging.orchidee.de\/en\/portfolio\/phalaenopsis-la-reine-de-porcelaine-black-bird\/\" rel=\"bookmark\" aria-label=\"Phalaenopsis La Reine de Porcelaine &#8216;Black Bird&#8217;\"><\/a>\r\n\t\t\t\t\t\t<div class=\"w-post-elm post_image usg_post_image_1 grid_corner_image as_circle stretched\"><a href=\"https:\/\/staging.orchidee.de\/en\/portfolio\/phalaenopsis-la-reine-de-porcelaine-black-bird\/\" aria-label=\"Phalaenopsis La Reine de Porcelaine &#8216;Black Bird&#8217;\"><img loading=\"lazy\" decoding=\"async\" width=\"1024\" height=\"768\" src=\"https:\/\/staging.orchidee.de\/wp-content\/uploads\/Phalaenopsis-La-Reine-de-Porcelaine-Black-Bird-1024x768.jpg\" class=\"attachment-large size-large wp-post-image\" alt=\"Phalaenopsis La Reine de Porcelaine &#039;Black Bird&#039;\" srcset=\"https:\/\/staging.orchidee.de\/wp-content\/uploads\/Phalaenopsis-La-Reine-de-Porcelaine-Black-Bird-1024x768.jpg 1024w, https:\/\/staging.orchidee.de\/wp-content\/uploads\/Phalaenopsis-La-Reine-de-Porcelaine-Black-Bird-320x240.jpg 320w, https:\/\/staging.orchidee.de\/wp-content\/uploads\/Phalaenopsis-La-Reine-de-Porcelaine-Black-Bird-1536x1152.jpg 1536w, https:\/\/staging.orchidee.de\/wp-content\/uploads\/Phalaenopsis-La-Reine-de-Porcelaine-Black-Bird-640x480.jpg 640w, https:\/\/staging.orchidee.de\/wp-content\/uploads\/Phalaenopsis-La-Reine-de-Porcelaine-Black-Bird-533x400.jpg 533w\" sizes=\"auto, (max-width: 1024px) 100vw, 1024px\" \/><\/a><\/div><h4 class=\"w-post-elm post_title usg_post_title_1 entry-title color_link_inherit\">Phalaenopsis La Reine de Porcelaine &#8216;Black Bird&#8217;<\/h4><div class=\"w-post-elm post_content usg_post_content_1\">07\/2024&hellip;<\/div>\t\t<\/div>\r\n\t<\/article>\r\n\t<article class=\"w-grid-item us_animate_afc off_autostart size_1x1 post-25253 us_portfolio type-us_portfolio status-publish has-post-thumbnail hentry us_portfolio_category-champion\" data-id=\"25253\" style=\"animation-delay:0.1s\">\r\n\t\t<div class=\"w-grid-item-h\">\r\n\t\t\t\t\t\t\t<a class=\"w-grid-item-anchor\" href=\"https:\/\/staging.orchidee.de\/en\/portfolio\/cattleya-mossiae-f-coerulea-blue-butterfly\/\" rel=\"bookmark\" aria-label=\"Cattleya mossiae f. coerulea &#8216;Blue Butterfly&#8217;\"><\/a>\r\n\t\t\t\t\t\t<div class=\"w-post-elm post_image usg_post_image_1 grid_corner_image as_circle stretched\"><a href=\"https:\/\/staging.orchidee.de\/en\/portfolio\/cattleya-mossiae-f-coerulea-blue-butterfly\/\" aria-label=\"Cattleya mossiae f. coerulea &#8216;Blue Butterfly&#8217;\"><img loading=\"lazy\" decoding=\"async\" width=\"1024\" height=\"751\" src=\"https:\/\/staging.orchidee.de\/wp-content\/uploads\/Cattleya-mossiae-coerulea-Blue-Butterfly-1024x751.jpg\" class=\"attachment-large size-large wp-post-image\" alt=\"Cattleya mossiae f. coerulea &#039;Blue Butterfly&#039;\" srcset=\"https:\/\/staging.orchidee.de\/wp-content\/uploads\/Cattleya-mossiae-coerulea-Blue-Butterfly-1024x751.jpg 1024w, https:\/\/staging.orchidee.de\/wp-content\/uploads\/Cattleya-mossiae-coerulea-Blue-Butterfly-320x235.jpg 320w, https:\/\/staging.orchidee.de\/wp-content\/uploads\/Cattleya-mossiae-coerulea-Blue-Butterfly-1536x1127.jpg 1536w, https:\/\/staging.orchidee.de\/wp-content\/uploads\/Cattleya-mossiae-coerulea-Blue-Butterfly-640x470.jpg 640w, https:\/\/staging.orchidee.de\/wp-content\/uploads\/Cattleya-mossiae-coerulea-Blue-Butterfly-540x396.jpg 540w, https:\/\/staging.orchidee.de\/wp-content\/uploads\/Cattleya-mossiae-coerulea-Blue-Butterfly-545x400.jpg 545w\" sizes=\"auto, (max-width: 1024px) 100vw, 1024px\" \/><\/a><\/div><h4 class=\"w-post-elm post_title usg_post_title_1 entry-title color_link_inherit\">Cattleya mossiae f. coerulea &#8216;Blue Butterfly&#8217;<\/h4><div class=\"w-post-elm post_content usg_post_content_1\">06\/2024&hellip;<\/div>\t\t<\/div>\r\n\t<\/article>\r\n\t<article class=\"w-grid-item us_animate_afc off_autostart size_1x1 post-25140 us_portfolio type-us_portfolio status-publish has-post-thumbnail hentry us_portfolio_category-champion\" data-id=\"25140\" style=\"animation-delay:0.2s\">\r\n\t\t<div class=\"w-grid-item-h\">\r\n\t\t\t\t\t\t\t<a class=\"w-grid-item-anchor\" href=\"https:\/\/staging.orchidee.de\/en\/portfolio\/vanda-mariae-anna-maria\/\" rel=\"bookmark\" aria-label=\"Vanda mariae &#8216;Anna Maria&#8217;\"><\/a>\r\n\t\t\t\t\t\t<div class=\"w-post-elm post_image usg_post_image_1 grid_corner_image as_circle stretched\"><a href=\"https:\/\/staging.orchidee.de\/en\/portfolio\/vanda-mariae-anna-maria\/\" aria-label=\"Vanda mariae &#8216;Anna Maria&#8217;\"><img loading=\"lazy\" decoding=\"async\" width=\"768\" height=\"1024\" src=\"https:\/\/staging.orchidee.de\/wp-content\/uploads\/Vanda-mariae-Anna-Maria-768x1024.jpg\" class=\"attachment-large size-large wp-post-image\" alt=\"Vanda mariae &#039;Anna Maria&#039;\" srcset=\"https:\/\/staging.orchidee.de\/wp-content\/uploads\/Vanda-mariae-Anna-Maria-768x1024.jpg 768w, https:\/\/staging.orchidee.de\/wp-content\/uploads\/Vanda-mariae-Anna-Maria-240x320.jpg 240w, https:\/\/staging.orchidee.de\/wp-content\/uploads\/Vanda-mariae-Anna-Maria-300x400.jpg 300w, https:\/\/staging.orchidee.de\/wp-content\/uploads\/Vanda-mariae-Anna-Maria-1152x1536.jpg 1152w, https:\/\/staging.orchidee.de\/wp-content\/uploads\/Vanda-mariae-Anna-Maria-480x640.jpg 480w, https:\/\/staging.orchidee.de\/wp-content\/uploads\/Vanda-mariae-Anna-Maria.jpg 1800w\" sizes=\"auto, (max-width: 768px) 100vw, 768px\" \/><\/a><\/div><h4 class=\"w-post-elm post_title usg_post_title_1 entry-title color_link_inherit\">Vanda mariae &#8216;Anna Maria&#8217;<\/h4><div class=\"w-post-elm post_content usg_post_content_1\">05\/2024&hellip;<\/div>\t\t<\/div>\r\n\t<\/article>\r\n\t<article class=\"w-grid-item us_animate_afc off_autostart size_1x1 custom-link post-25094 us_portfolio type-us_portfolio status-publish has-post-thumbnail hentry us_portfolio_category-champion\" data-id=\"25094\" style=\"animation-delay:0.3s\">\r\n\t\t<div class=\"w-grid-item-h\">\r\n\t\t\t\t\t\t\t<a class=\"w-grid-item-anchor\" href=\"\/cattleya-maxima\/\" aria-label=\"Guarianthe Guatemalensis &#8216;Bodenseeperle&#8217;\"><\/a>\r\n\t\t\t\t\t\t<div class=\"w-post-elm post_image usg_post_image_1 grid_corner_image as_circle stretched\"><a href=\"https:\/\/staging.orchidee.de\/en\/portfolio\/guarianthe-guatemalensis-bodenseeperle\/\" aria-label=\"Guarianthe Guatemalensis &#8216;Bodenseeperle&#8217;\"><img loading=\"lazy\" decoding=\"async\" width=\"640\" height=\"380\" src=\"https:\/\/staging.orchidee.de\/wp-content\/uploads\/Guarianthe-Guatemalensis-Bodenseeperle.jpg\" class=\"attachment-large size-large wp-post-image\" alt=\"Guarianthe Guatemalensis &#039;Bodenseeperle&#039;\" srcset=\"https:\/\/staging.orchidee.de\/wp-content\/uploads\/Guarianthe-Guatemalensis-Bodenseeperle.jpg 640w, https:\/\/staging.orchidee.de\/wp-content\/uploads\/Guarianthe-Guatemalensis-Bodenseeperle-320x190.jpg 320w, https:\/\/staging.orchidee.de\/wp-content\/uploads\/Guarianthe-Guatemalensis-Bodenseeperle-540x321.jpg 540w\" sizes=\"auto, (max-width: 640px) 100vw, 640px\" \/><\/a><\/div><h4 class=\"w-post-elm post_title usg_post_title_1 entry-title color_link_inherit\">Guarianthe Guatemalensis &#8216;Bodenseeperle&#8217;<\/h4><div class=\"w-post-elm post_content usg_post_content_1\">04\/2024&hellip;<\/div>\t\t<\/div>\r\n\t<\/article>\r\n\t<article class=\"w-grid-item us_animate_afc off_autostart size_1x1 custom-link post-24848 us_portfolio type-us_portfolio status-publish has-post-thumbnail hentry us_portfolio_category-champion\" data-id=\"24848\" style=\"animation-delay:0.4s\">\r\n\t\t<div class=\"w-grid-item-h\">\r\n\t\t\t\t\t\t\t<a class=\"w-grid-item-anchor\" href=\"\/cattleya-maxima\/\" aria-label=\"Clowesia Rebecca Northen \u2018Crystal Cotton\u2019\"><\/a>\r\n\t\t\t\t\t\t<div class=\"w-post-elm post_image usg_post_image_1 grid_corner_image as_circle stretched\"><a href=\"https:\/\/staging.orchidee.de\/en\/portfolio\/clowesia-rebecca-northen-crystal-cotton\/\" aria-label=\"Clowesia Rebecca Northen \u2018Crystal Cotton\u2019\"><img loading=\"lazy\" decoding=\"async\" width=\"1024\" height=\"1024\" src=\"https:\/\/staging.orchidee.de\/wp-content\/uploads\/Clowesia-Rebecca-Northen_Crystal-Cotton-1024x1024.jpg\" class=\"attachment-large size-large wp-post-image\" alt=\"Clowesia Rebecca Northen &#039;Crystal Cotton&#039;\" srcset=\"https:\/\/staging.orchidee.de\/wp-content\/uploads\/Clowesia-Rebecca-Northen_Crystal-Cotton-1024x1024.jpg 1024w, https:\/\/staging.orchidee.de\/wp-content\/uploads\/Clowesia-Rebecca-Northen_Crystal-Cotton-320x320.jpg 320w, https:\/\/staging.orchidee.de\/wp-content\/uploads\/Clowesia-Rebecca-Northen_Crystal-Cotton-150x150.jpg 150w, https:\/\/staging.orchidee.de\/wp-content\/uploads\/Clowesia-Rebecca-Northen_Crystal-Cotton-300x300.jpg 300w, https:\/\/staging.orchidee.de\/wp-content\/uploads\/Clowesia-Rebecca-Northen_Crystal-Cotton-1536x1536.jpg 1536w, https:\/\/staging.orchidee.de\/wp-content\/uploads\/Clowesia-Rebecca-Northen_Crystal-Cotton-640x640.jpg 640w, https:\/\/staging.orchidee.de\/wp-content\/uploads\/Clowesia-Rebecca-Northen_Crystal-Cotton-400x400.jpg 400w, https:\/\/staging.orchidee.de\/wp-content\/uploads\/Clowesia-Rebecca-Northen_Crystal-Cotton-1000x1000.jpg 1000w\" sizes=\"auto, (max-width: 1024px) 100vw, 1024px\" \/><\/a><\/div><h4 class=\"w-post-elm post_title usg_post_title_1 entry-title color_link_inherit\">Clowesia Rebecca Northen \u2018Crystal Cotton\u2019<\/h4><div class=\"w-post-elm post_content usg_post_content_1\">01\/2024&hellip;<\/div>\t\t<\/div>\r\n\t<\/article>\r\n\t<article class=\"w-grid-item us_animate_afc off_autostart size_1x1 custom-link post-24847 us_portfolio type-us_portfolio status-publish has-post-thumbnail hentry us_portfolio_category-champion\" data-id=\"24847\" style=\"animation-delay:0.5s\">\r\n\t\t<div class=\"w-grid-item-h\">\r\n\t\t\t\t\t\t\t<a class=\"w-grid-item-anchor\" href=\"\/paphiopedilum-haiphong-baby\/\" aria-label=\"Paphiopedilum H. Ballantine \u2018Mike\u2019\"><\/a>\r\n\t\t\t\t\t\t<div class=\"w-post-elm post_image usg_post_image_1 grid_corner_image as_circle stretched\"><a href=\"https:\/\/staging.orchidee.de\/en\/portfolio\/paphiopedilum-h-ballantine-mike\/\" aria-label=\"Paphiopedilum H. Ballantine \u2018Mike\u2019\"><img loading=\"lazy\" decoding=\"async\" width=\"768\" height=\"1024\" src=\"https:\/\/staging.orchidee.de\/wp-content\/uploads\/Paphiopedilum-H.-Ballantine_Mike-768x1024.jpg\" class=\"attachment-large size-large wp-post-image\" alt=\"Paphiopedilum H. Ballantine &#039;Mike&#039;\" srcset=\"https:\/\/staging.orchidee.de\/wp-content\/uploads\/Paphiopedilum-H.-Ballantine_Mike-768x1024.jpg 768w, https:\/\/staging.orchidee.de\/wp-content\/uploads\/Paphiopedilum-H.-Ballantine_Mike-240x320.jpg 240w, https:\/\/staging.orchidee.de\/wp-content\/uploads\/Paphiopedilum-H.-Ballantine_Mike-300x400.jpg 300w, https:\/\/staging.orchidee.de\/wp-content\/uploads\/Paphiopedilum-H.-Ballantine_Mike-1152x1536.jpg 1152w, https:\/\/staging.orchidee.de\/wp-content\/uploads\/Paphiopedilum-H.-Ballantine_Mike-480x640.jpg 480w, https:\/\/staging.orchidee.de\/wp-content\/uploads\/Paphiopedilum-H.-Ballantine_Mike.jpg 1800w\" sizes=\"auto, (max-width: 768px) 100vw, 768px\" \/><\/a><\/div><h4 class=\"w-post-elm post_title usg_post_title_1 entry-title color_link_inherit\">Paphiopedilum H. Ballantine \u2018Mike\u2019<\/h4><div class=\"w-post-elm post_content usg_post_content_1\">01\/2024&hellip;<\/div>\t\t<\/div>\r\n\t<\/article>\r\n\t<article class=\"w-grid-item us_animate_afc off_autostart size_1x1 custom-link post-24843 us_portfolio type-us_portfolio status-publish has-post-thumbnail hentry us_portfolio_category-champion\" data-id=\"24843\" style=\"animation-delay:0s\">\r\n\t\t<div class=\"w-grid-item-h\">\r\n\t\t\t\t\t\t\t<a class=\"w-grid-item-anchor\" href=\"\/cattleya-maxima\/\" aria-label=\"Cattleya percivaliana f. semialba \u2018Comandante Carache &#8211; Bodenseeperle\u2019\"><\/a>\r\n\t\t\t\t\t\t<div class=\"w-post-elm post_image usg_post_image_1 grid_corner_image as_circle stretched\"><a href=\"https:\/\/staging.orchidee.de\/en\/portfolio\/cattleya-percivaliana-var-semialba-comandante-carache-bodenseeperle\/\" aria-label=\"Cattleya percivaliana f. semialba \u2018Comandante Carache &#8211; Bodenseeperle\u2019\"><img loading=\"lazy\" decoding=\"async\" width=\"1024\" height=\"683\" src=\"https:\/\/staging.orchidee.de\/wp-content\/uploads\/Cattleya-percivaliana-v-semialba_Bodenseeperle-1024x683.jpg\" class=\"attachment-large size-large wp-post-image\" alt=\"Cattleya percivaliana var semialba &#039;Commandante Carache-Bodenseeperle&#039;\" srcset=\"https:\/\/staging.orchidee.de\/wp-content\/uploads\/Cattleya-percivaliana-v-semialba_Bodenseeperle-1024x683.jpg 1024w, https:\/\/staging.orchidee.de\/wp-content\/uploads\/Cattleya-percivaliana-v-semialba_Bodenseeperle-320x213.jpg 320w, https:\/\/staging.orchidee.de\/wp-content\/uploads\/Cattleya-percivaliana-v-semialba_Bodenseeperle-391x260.jpg 391w, https:\/\/staging.orchidee.de\/wp-content\/uploads\/Cattleya-percivaliana-v-semialba_Bodenseeperle-600x400.jpg 600w, https:\/\/staging.orchidee.de\/wp-content\/uploads\/Cattleya-percivaliana-v-semialba_Bodenseeperle-1536x1024.jpg 1536w, https:\/\/staging.orchidee.de\/wp-content\/uploads\/Cattleya-percivaliana-v-semialba_Bodenseeperle-640x427.jpg 640w, https:\/\/staging.orchidee.de\/wp-content\/uploads\/Cattleya-percivaliana-v-semialba_Bodenseeperle-540x360.jpg 540w\" sizes=\"auto, (max-width: 1024px) 100vw, 1024px\" \/><\/a><\/div><h4 class=\"w-post-elm post_title usg_post_title_1 entry-title color_link_inherit\">Cattleya percivaliana f. semialba \u2018Comandante Carache &#8211; Bodenseeperle\u2019<\/h4><div class=\"w-post-elm post_content usg_post_content_1\">12\/2023&hellip;<\/div>\t\t<\/div>\r\n\t<\/article>\r\n\t<article class=\"w-grid-item us_animate_afc off_autostart size_1x1 custom-link post-24837 us_portfolio type-us_portfolio status-publish has-post-thumbnail hentry us_portfolio_category-champion\" data-id=\"24837\" style=\"animation-delay:0.1s\">\r\n\t\t<div class=\"w-grid-item-h\">\r\n\t\t\t\t\t\t\t<a class=\"w-grid-item-anchor\" href=\"\/cattleya-maxima\/\" aria-label=\"Cattleya labiata &#8216;Bodenseeperle&#8217;\"><\/a>\r\n\t\t\t\t\t\t<div class=\"w-post-elm post_image usg_post_image_1 grid_corner_image as_circle stretched\"><a href=\"https:\/\/staging.orchidee.de\/en\/portfolio\/cattleya-labiata-bodenseeperle\/\" aria-label=\"Cattleya labiata &#8216;Bodenseeperle&#8217;\"><img loading=\"lazy\" decoding=\"async\" width=\"1024\" height=\"585\" src=\"https:\/\/staging.orchidee.de\/wp-content\/uploads\/Cattleya-labiata_Bodenseeperle-1024x585.jpg\" class=\"attachment-large size-large wp-post-image\" alt=\"Cattleya labiata &#039;Bodenseeperle&#039;\" srcset=\"https:\/\/staging.orchidee.de\/wp-content\/uploads\/Cattleya-labiata_Bodenseeperle-1024x585.jpg 1024w, https:\/\/staging.orchidee.de\/wp-content\/uploads\/Cattleya-labiata_Bodenseeperle-320x183.jpg 320w, https:\/\/staging.orchidee.de\/wp-content\/uploads\/Cattleya-labiata_Bodenseeperle-1536x878.jpg 1536w, https:\/\/staging.orchidee.de\/wp-content\/uploads\/Cattleya-labiata_Bodenseeperle-640x366.jpg 640w, https:\/\/staging.orchidee.de\/wp-content\/uploads\/Cattleya-labiata_Bodenseeperle-540x309.jpg 540w, https:\/\/staging.orchidee.de\/wp-content\/uploads\/Cattleya-labiata_Bodenseeperle-700x400.jpg 700w\" sizes=\"auto, (max-width: 1024px) 100vw, 1024px\" \/><\/a><\/div><h4 class=\"w-post-elm post_title usg_post_title_1 entry-title color_link_inherit\">Cattleya labiata &#8216;Bodenseeperle&#8217;<\/h4><div class=\"w-post-elm post_content usg_post_content_1\">11\/2023&hellip;<\/div>\t\t<\/div>\r\n\t<\/article>\r\n\t<article class=\"w-grid-item us_animate_afc off_autostart size_1x1 custom-link post-24441 us_portfolio type-us_portfolio status-publish has-post-thumbnail hentry us_portfolio_category-champion\" data-id=\"24441\" style=\"animation-delay:0.2s\">\r\n\t\t<div class=\"w-grid-item-h\">\r\n\t\t\t\t\t\t\t<a class=\"w-grid-item-anchor\" href=\"\/cattleya-maxima\/\" aria-label=\"Cattleya maxima &#8216;Bodenseeperle&#8217;\"><\/a>\r\n\t\t\t\t\t\t<div class=\"w-post-elm post_image usg_post_image_1 grid_corner_image as_circle stretched\"><a href=\"https:\/\/staging.orchidee.de\/en\/portfolio\/cattleya-maxima-bodenseeperle\/\" aria-label=\"Cattleya maxima &#8216;Bodenseeperle&#8217;\"><img loading=\"lazy\" decoding=\"async\" width=\"1024\" height=\"576\" src=\"https:\/\/staging.orchidee.de\/wp-content\/uploads\/Cattleya-maxima-Bodenseeperle-1024x576.jpg\" class=\"attachment-large size-large wp-post-image\" alt=\"Cattleya maxima Bodenseeperle\" srcset=\"https:\/\/staging.orchidee.de\/wp-content\/uploads\/Cattleya-maxima-Bodenseeperle-1024x576.jpg 1024w, https:\/\/staging.orchidee.de\/wp-content\/uploads\/Cattleya-maxima-Bodenseeperle-320x180.jpg 320w, https:\/\/staging.orchidee.de\/wp-content\/uploads\/Cattleya-maxima-Bodenseeperle-1536x865.jpg 1536w, https:\/\/staging.orchidee.de\/wp-content\/uploads\/Cattleya-maxima-Bodenseeperle-640x360.jpg 640w, https:\/\/staging.orchidee.de\/wp-content\/uploads\/Cattleya-maxima-Bodenseeperle-540x304.jpg 540w, https:\/\/staging.orchidee.de\/wp-content\/uploads\/Cattleya-maxima-Bodenseeperle-711x400.jpg 711w\" sizes=\"auto, (max-width: 1024px) 100vw, 1024px\" \/><\/a><\/div><h4 class=\"w-post-elm post_title usg_post_title_1 entry-title color_link_inherit\">Cattleya maxima &#8216;Bodenseeperle&#8217;<\/h4><div class=\"w-post-elm post_content usg_post_content_1\">10\/2023&hellip;<\/div>\t\t<\/div>\r\n\t<\/article>\r\n\t<article class=\"w-grid-item us_animate_afc off_autostart size_1x1 custom-link post-24437 us_portfolio type-us_portfolio status-publish has-post-thumbnail hentry us_portfolio_category-champion\" data-id=\"24437\" style=\"animation-delay:0.3s\">\r\n\t\t<div class=\"w-grid-item-h\">\r\n\t\t\t\t\t\t\t<a class=\"w-grid-item-anchor\" href=\"\/paphiopedilum-haiphong-baby\/\" aria-label=\"Paphiopedilum Haiphong Baby &#8216;Cutie Pie&#8217;\"><\/a>\r\n\t\t\t\t\t\t<div class=\"w-post-elm post_image usg_post_image_1 grid_corner_image as_circle stretched\"><a href=\"https:\/\/staging.orchidee.de\/en\/portfolio\/paphiopedilum-haiphong-baby-cutie-pie\/\" aria-label=\"Paphiopedilum Haiphong Baby &#8216;Cutie Pie&#8217;\"><img loading=\"lazy\" decoding=\"async\" width=\"1024\" height=\"683\" src=\"https:\/\/staging.orchidee.de\/wp-content\/uploads\/Paphiopedilum-Haiphong-Baby-Cutie-Pie-1024x683.jpg\" class=\"attachment-large size-large wp-post-image\" alt=\"Paphiopedilum Haiphong Baby Cutie Pie\" srcset=\"https:\/\/staging.orchidee.de\/wp-content\/uploads\/Paphiopedilum-Haiphong-Baby-Cutie-Pie-1024x683.jpg 1024w, https:\/\/staging.orchidee.de\/wp-content\/uploads\/Paphiopedilum-Haiphong-Baby-Cutie-Pie-320x213.jpg 320w, https:\/\/staging.orchidee.de\/wp-content\/uploads\/Paphiopedilum-Haiphong-Baby-Cutie-Pie-391x260.jpg 391w, https:\/\/staging.orchidee.de\/wp-content\/uploads\/Paphiopedilum-Haiphong-Baby-Cutie-Pie-600x400.jpg 600w, https:\/\/staging.orchidee.de\/wp-content\/uploads\/Paphiopedilum-Haiphong-Baby-Cutie-Pie-1536x1024.jpg 1536w, https:\/\/staging.orchidee.de\/wp-content\/uploads\/Paphiopedilum-Haiphong-Baby-Cutie-Pie-640x427.jpg 640w, https:\/\/staging.orchidee.de\/wp-content\/uploads\/Paphiopedilum-Haiphong-Baby-Cutie-Pie-540x360.jpg 540w\" sizes=\"auto, (max-width: 1024px) 100vw, 1024px\" \/><\/a><\/div><h4 class=\"w-post-elm post_title usg_post_title_1 entry-title color_link_inherit\">Paphiopedilum Haiphong Baby &#8216;Cutie Pie&#8217;<\/h4><div class=\"w-post-elm post_content usg_post_content_1\">09\/2023&hellip;<\/div>\t\t<\/div>\r\n\t<\/article>\r\n\t<article class=\"w-grid-item us_animate_afc off_autostart size_1x1 custom-link post-24074 us_portfolio type-us_portfolio status-publish has-post-thumbnail hentry us_portfolio_category-champion\" data-id=\"24074\" style=\"animation-delay:0.4s\">\r\n\t\t<div class=\"w-grid-item-h\">\r\n\t\t\t\t\t\t\t<a class=\"w-grid-item-anchor\" href=\"\/comparettia-teipels-feuerglut\/\" aria-label=\"Comparettia Teipels Feuerglut &#8216;Jenny&#8217;\"><\/a>\r\n\t\t\t\t\t\t<div class=\"w-post-elm post_image usg_post_image_1 grid_corner_image as_circle stretched\"><a href=\"https:\/\/staging.orchidee.de\/en\/portfolio\/comparettia-teipels-feuerglut-jenny\/\" aria-label=\"Comparettia Teipels Feuerglut &#8216;Jenny&#8217;\"><img loading=\"lazy\" decoding=\"async\" width=\"938\" height=\"1024\" src=\"https:\/\/staging.orchidee.de\/wp-content\/uploads\/ComparettiaTeipelsFeuerglutJenny-938x1024.jpg\" class=\"attachment-large size-large wp-post-image\" alt=\"Comparettia Teipel&#039;s Feuerglut\" srcset=\"https:\/\/staging.orchidee.de\/wp-content\/uploads\/ComparettiaTeipelsFeuerglutJenny-938x1024.jpg 938w, https:\/\/staging.orchidee.de\/wp-content\/uploads\/ComparettiaTeipelsFeuerglutJenny-293x320.jpg 293w, https:\/\/staging.orchidee.de\/wp-content\/uploads\/ComparettiaTeipelsFeuerglutJenny-1407x1536.jpg 1407w, https:\/\/staging.orchidee.de\/wp-content\/uploads\/ComparettiaTeipelsFeuerglutJenny-586x640.jpg 586w, https:\/\/staging.orchidee.de\/wp-content\/uploads\/ComparettiaTeipelsFeuerglutJenny-367x400.jpg 367w, https:\/\/staging.orchidee.de\/wp-content\/uploads\/ComparettiaTeipelsFeuerglutJenny.jpg 1466w\" sizes=\"auto, (max-width: 938px) 100vw, 938px\" \/><\/a><\/div><h4 class=\"w-post-elm post_title usg_post_title_1 entry-title color_link_inherit\">Comparettia Teipels Feuerglut &#8216;Jenny&#8217;<\/h4><div class=\"w-post-elm post_content usg_post_content_1\">08\/2023&hellip;<\/div>\t\t<\/div>\r\n\t<\/article>\r\n\t<article class=\"w-grid-item us_animate_afc off_autostart size_1x1 custom-link post-24070 us_portfolio type-us_portfolio status-publish has-post-thumbnail hentry us_portfolio_category-champion\" data-id=\"24070\" style=\"animation-delay:0.5s\">\r\n\t\t<div class=\"w-grid-item-h\">\r\n\t\t\t\t\t\t\t<a class=\"w-grid-item-anchor\" href=\"\/cuitlauzina-pendula\/\" aria-label=\"Cuitlauziana pendula &#8216;Christina&#8217;\"><\/a>\r\n\t\t\t\t\t\t<div class=\"w-post-elm post_image usg_post_image_1 grid_corner_image as_circle stretched\"><a href=\"https:\/\/staging.orchidee.de\/en\/portfolio\/cuitlauziana-pendula-christina\/\" aria-label=\"Cuitlauziana pendula &#8216;Christina&#8217;\"><img loading=\"lazy\" decoding=\"async\" width=\"872\" height=\"1024\" src=\"https:\/\/staging.orchidee.de\/wp-content\/uploads\/Cuitlauzina-pendula_Christina-872x1024.jpg\" class=\"attachment-large size-large wp-post-image\" alt=\"Cuitlauzina pendula &#039;Christina&#039;\" srcset=\"https:\/\/staging.orchidee.de\/wp-content\/uploads\/Cuitlauzina-pendula_Christina-872x1024.jpg 872w, https:\/\/staging.orchidee.de\/wp-content\/uploads\/Cuitlauzina-pendula_Christina-272x320.jpg 272w, https:\/\/staging.orchidee.de\/wp-content\/uploads\/Cuitlauzina-pendula_Christina-1308x1536.jpg 1308w, https:\/\/staging.orchidee.de\/wp-content\/uploads\/Cuitlauzina-pendula_Christina-545x640.jpg 545w, https:\/\/staging.orchidee.de\/wp-content\/uploads\/Cuitlauzina-pendula_Christina-341x400.jpg 341w, https:\/\/staging.orchidee.de\/wp-content\/uploads\/Cuitlauzina-pendula_Christina.jpg 2043w\" sizes=\"auto, (max-width: 872px) 100vw, 872px\" \/><\/a><\/div><h4 class=\"w-post-elm post_title usg_post_title_1 entry-title color_link_inherit\">Cuitlauziana pendula &#8216;Christina&#8217;<\/h4><div class=\"w-post-elm post_content usg_post_content_1\">07\/2023&hellip;<\/div>\t\t<\/div>\r\n\t<\/article>\r\n\t<article class=\"w-grid-item us_animate_afc off_autostart size_1x1 custom-link post-23856 us_portfolio type-us_portfolio status-publish has-post-thumbnail hentry us_portfolio_category-champion\" data-id=\"23856\" style=\"animation-delay:0s\">\r\n\t\t<div class=\"w-grid-item-h\">\r\n\t\t\t\t\t\t\t<a class=\"w-grid-item-anchor\" href=\"\/paphiopedilum-michranthum-var-eburneum-kleiner-papis\/\" aria-label=\"Paphiopedilum micranthum var. eburneum &#8216;Kleiner Papis&#8217;\"><\/a>\r\n\t\t\t\t\t\t<div class=\"w-post-elm post_image usg_post_image_1 grid_corner_image as_circle stretched\"><a href=\"https:\/\/staging.orchidee.de\/en\/portfolio\/paphiopedilum-micranthum-var-eburneum-kleiner-papis\/\" aria-label=\"Paphiopedilum micranthum var. eburneum &#8216;Kleiner Papis&#8217;\"><img loading=\"lazy\" decoding=\"async\" width=\"768\" height=\"1024\" src=\"https:\/\/staging.orchidee.de\/wp-content\/uploads\/Paphiopedilum-micranthum-Kleiner-Papis-768x1024.jpg\" class=\"attachment-large size-large wp-post-image\" alt=\"Paphiopedilum micranthum &#039;Kleiner Papis&#039;\" srcset=\"https:\/\/staging.orchidee.de\/wp-content\/uploads\/Paphiopedilum-micranthum-Kleiner-Papis-768x1024.jpg 768w, https:\/\/staging.orchidee.de\/wp-content\/uploads\/Paphiopedilum-micranthum-Kleiner-Papis-240x320.jpg 240w, https:\/\/staging.orchidee.de\/wp-content\/uploads\/Paphiopedilum-micranthum-Kleiner-Papis-300x400.jpg 300w, https:\/\/staging.orchidee.de\/wp-content\/uploads\/Paphiopedilum-micranthum-Kleiner-Papis-1152x1536.jpg 1152w, https:\/\/staging.orchidee.de\/wp-content\/uploads\/Paphiopedilum-micranthum-Kleiner-Papis-480x640.jpg 480w, https:\/\/staging.orchidee.de\/wp-content\/uploads\/Paphiopedilum-micranthum-Kleiner-Papis.jpg 1800w\" sizes=\"auto, (max-width: 768px) 100vw, 768px\" \/><\/a><\/div><h4 class=\"w-post-elm post_title usg_post_title_1 entry-title color_link_inherit\">Paphiopedilum micranthum var. eburneum &#8216;Kleiner Papis&#8217;<\/h4><div class=\"w-post-elm post_content usg_post_content_1\">06\/2023&hellip;<\/div>\t\t<\/div>\r\n\t<\/article>\r\n\t<article class=\"w-grid-item us_animate_afc off_autostart size_1x1 custom-link post-23850 us_portfolio type-us_portfolio status-publish has-post-thumbnail hentry us_portfolio_category-champion\" data-id=\"23850\" style=\"animation-delay:0.1s\">\r\n\t\t<div class=\"w-grid-item-h\">\r\n\t\t\t\t\t\t\t<a class=\"w-grid-item-anchor\" href=\"\/cattleya-warscewiczii-hegauberge\/\" aria-label=\"Cattleya warszewiczii &#8216;Hegauberge&#8217;\"><\/a>\r\n\t\t\t\t\t\t<div class=\"w-post-elm post_image usg_post_image_1 grid_corner_image as_circle stretched\"><a href=\"https:\/\/staging.orchidee.de\/en\/portfolio\/cattleya-warscewiczii-hegauberge\/\" aria-label=\"Cattleya warszewiczii &#8216;Hegauberge&#8217;\"><img loading=\"lazy\" decoding=\"async\" width=\"1024\" height=\"821\" src=\"https:\/\/staging.orchidee.de\/wp-content\/uploads\/Cattleya-warscewiczii-Hegauberge-1024x821.jpg\" class=\"attachment-large size-large wp-post-image\" alt=\"Cattleya warscewiczii &#039;Hegauberge&#039;\" srcset=\"https:\/\/staging.orchidee.de\/wp-content\/uploads\/Cattleya-warscewiczii-Hegauberge-1024x821.jpg 1024w, https:\/\/staging.orchidee.de\/wp-content\/uploads\/Cattleya-warscewiczii-Hegauberge-320x257.jpg 320w, https:\/\/staging.orchidee.de\/wp-content\/uploads\/Cattleya-warscewiczii-Hegauberge-1536x1232.jpg 1536w, https:\/\/staging.orchidee.de\/wp-content\/uploads\/Cattleya-warscewiczii-Hegauberge-640x513.jpg 640w, https:\/\/staging.orchidee.de\/wp-content\/uploads\/Cattleya-warscewiczii-Hegauberge-499x400.jpg 499w\" sizes=\"auto, (max-width: 1024px) 100vw, 1024px\" \/><\/a><\/div><h4 class=\"w-post-elm post_title usg_post_title_1 entry-title color_link_inherit\">Cattleya warszewiczii &#8216;Hegauberge&#8217;<\/h4><div class=\"w-post-elm post_content usg_post_content_1\">06\/2023&hellip;<\/div>\t\t<\/div>\r\n\t<\/article>\r\n\t<article class=\"w-grid-item us_animate_afc off_autostart size_1x1 custom-link post-23846 us_portfolio type-us_portfolio status-publish has-post-thumbnail hentry us_portfolio_category-champion\" data-id=\"23846\" style=\"animation-delay:0.2s\">\r\n\t\t<div class=\"w-grid-item-h\">\r\n\t\t\t\t\t\t\t<a class=\"w-grid-item-anchor\" href=\"\/cattleya-lobata-f-alba-bodenseeperle\/\" aria-label=\"Cattleya lobata f. alba &#8216;Bodenseeperle&#8217;\"><\/a>\r\n\t\t\t\t\t\t<div class=\"w-post-elm post_image usg_post_image_1 grid_corner_image as_circle stretched\"><a href=\"https:\/\/staging.orchidee.de\/en\/portfolio\/cattleya-lobata-f-alba-bodenseeperle\/\" aria-label=\"Cattleya lobata f. alba &#8216;Bodenseeperle&#8217;\"><img loading=\"lazy\" decoding=\"async\" width=\"1024\" height=\"576\" src=\"https:\/\/staging.orchidee.de\/wp-content\/uploads\/Cattleya-lobata-Bodenseeperle-1024x576.jpg\" class=\"attachment-large size-large wp-post-image\" alt=\"Cattleya lobata &#039;Bodenseeperle&#039;\" srcset=\"https:\/\/staging.orchidee.de\/wp-content\/uploads\/Cattleya-lobata-Bodenseeperle-1024x576.jpg 1024w, https:\/\/staging.orchidee.de\/wp-content\/uploads\/Cattleya-lobata-Bodenseeperle-320x180.jpg 320w, https:\/\/staging.orchidee.de\/wp-content\/uploads\/Cattleya-lobata-Bodenseeperle-1536x865.jpg 1536w, https:\/\/staging.orchidee.de\/wp-content\/uploads\/Cattleya-lobata-Bodenseeperle-640x360.jpg 640w, https:\/\/staging.orchidee.de\/wp-content\/uploads\/Cattleya-lobata-Bodenseeperle-540x304.jpg 540w, https:\/\/staging.orchidee.de\/wp-content\/uploads\/Cattleya-lobata-Bodenseeperle-711x400.jpg 711w\" sizes=\"auto, (max-width: 1024px) 100vw, 1024px\" \/><\/a><\/div><h4 class=\"w-post-elm post_title usg_post_title_1 entry-title color_link_inherit\">Cattleya lobata f. alba &#8216;Bodenseeperle&#8217;<\/h4><div class=\"w-post-elm post_content usg_post_content_1\">06\/2023&hellip;<\/div>\t\t<\/div>\r\n\t<\/article>\r\n\t<article class=\"w-grid-item us_animate_afc off_autostart size_1x1 custom-link post-22564 us_portfolio type-us_portfolio status-publish has-post-thumbnail hentry us_portfolio_category-champion\" data-id=\"22564\" style=\"animation-delay:0.3s\">\r\n\t\t<div class=\"w-grid-item-h\">\r\n\t\t\t\t\t\t\t<a class=\"w-grid-item-anchor\" href=\"\/cattleya-jongheana\/\" aria-label=\"Cattleya jongheana &#8216;Pink Star&#8217;\"><\/a>\r\n\t\t\t\t\t\t<div class=\"w-post-elm post_image usg_post_image_1 grid_corner_image as_circle stretched\"><a href=\"https:\/\/staging.orchidee.de\/en\/portfolio\/cattleya-jongheana-pink-star\/\" aria-label=\"Cattleya jongheana &#8216;Pink Star&#8217;\"><img loading=\"lazy\" decoding=\"async\" width=\"934\" height=\"1024\" src=\"https:\/\/staging.orchidee.de\/wp-content\/uploads\/Cattleya-jongheana-Pink-Star-934x1024.jpg\" class=\"attachment-large size-large wp-post-image\" alt=\"Cattleya jongheana &#039;Pink Star&#039;\" srcset=\"https:\/\/staging.orchidee.de\/wp-content\/uploads\/Cattleya-jongheana-Pink-Star-934x1024.jpg 934w, https:\/\/staging.orchidee.de\/wp-content\/uploads\/Cattleya-jongheana-Pink-Star-292x320.jpg 292w, https:\/\/staging.orchidee.de\/wp-content\/uploads\/Cattleya-jongheana-Pink-Star-1401x1536.jpg 1401w, https:\/\/staging.orchidee.de\/wp-content\/uploads\/Cattleya-jongheana-Pink-Star-584x640.jpg 584w, https:\/\/staging.orchidee.de\/wp-content\/uploads\/Cattleya-jongheana-Pink-Star-365x400.jpg 365w\" sizes=\"auto, (max-width: 934px) 100vw, 934px\" \/><\/a><\/div><h4 class=\"w-post-elm post_title usg_post_title_1 entry-title color_link_inherit\">Cattleya jongheana &#8216;Pink Star&#8217;<\/h4><div class=\"w-post-elm post_content usg_post_content_1\">05\/2023&hellip;<\/div>\t\t<\/div>\r\n\t<\/article>\r\n\t<article class=\"w-grid-item us_animate_afc off_autostart size_1x1 custom-link post-20298 us_portfolio type-us_portfolio status-publish has-post-thumbnail hentry us_portfolio_category-champion\" data-id=\"20298\" style=\"animation-delay:0.4s\">\r\n\t\t<div class=\"w-grid-item-h\">\r\n\t\t\t\t\t\t\t<a class=\"w-grid-item-anchor\" href=\"\/dendrobium-delicatum-maria\/\" aria-label=\"Dendrobium \u00d7 delicatum &#8216;Maria&#8217;\"><\/a>\r\n\t\t\t\t\t\t<div class=\"w-post-elm post_image usg_post_image_1 grid_corner_image as_circle stretched\"><a href=\"https:\/\/staging.orchidee.de\/en\/portfolio\/dendrobium-delicatum-maria\/\" aria-label=\"Dendrobium \u00d7 delicatum &#8216;Maria&#8217;\"><img loading=\"lazy\" decoding=\"async\" width=\"1024\" height=\"875\" src=\"https:\/\/staging.orchidee.de\/wp-content\/uploads\/Dendrobium-delicatum-Maria-1024x875.jpg\" class=\"attachment-large size-large wp-post-image\" alt=\"Dendrobium delicatum &#039;Maria&#039;\" srcset=\"https:\/\/staging.orchidee.de\/wp-content\/uploads\/Dendrobium-delicatum-Maria-1024x875.jpg 1024w, https:\/\/staging.orchidee.de\/wp-content\/uploads\/Dendrobium-delicatum-Maria-320x273.jpg 320w, https:\/\/staging.orchidee.de\/wp-content\/uploads\/Dendrobium-delicatum-Maria-1536x1313.jpg 1536w, https:\/\/staging.orchidee.de\/wp-content\/uploads\/Dendrobium-delicatum-Maria-640x547.jpg 640w, https:\/\/staging.orchidee.de\/wp-content\/uploads\/Dendrobium-delicatum-Maria-468x400.jpg 468w\" sizes=\"auto, (max-width: 1024px) 100vw, 1024px\" \/><\/a><\/div><h4 class=\"w-post-elm post_title usg_post_title_1 entry-title color_link_inherit\">Dendrobium \u00d7 delicatum &#8216;Maria&#8217;<\/h4><div class=\"w-post-elm post_content usg_post_content_1\">04\/2023&hellip;<\/div>\t\t<\/div>\r\n\t<\/article>\r\n\t<article class=\"w-grid-item us_animate_afc off_autostart size_1x1 custom-link post-20294 us_portfolio type-us_portfolio status-publish has-post-thumbnail hentry us_portfolio_category-champion\" data-id=\"20294\" style=\"animation-delay:0.5s\">\r\n\t\t<div class=\"w-grid-item-h\">\r\n\t\t\t\t\t\t\t<a class=\"w-grid-item-anchor\" href=\"\/cattleya-trianae-hegau-liebe\/\" aria-label=\"Cattleya trianae &#8216;Hegau-Liebe&#8217;\"><\/a>\r\n\t\t\t\t\t\t<div class=\"w-post-elm post_image usg_post_image_1 grid_corner_image as_circle stretched\"><a href=\"https:\/\/staging.orchidee.de\/en\/portfolio\/cattleya-trianae-hegau-liebe\/\" aria-label=\"Cattleya trianae &#8216;Hegau-Liebe&#8217;\"><img loading=\"lazy\" decoding=\"async\" width=\"764\" height=\"1024\" src=\"https:\/\/staging.orchidee.de\/wp-content\/uploads\/Cattelya-trianae-Hegau-Liebe-764x1024.jpg\" class=\"attachment-large size-large wp-post-image\" alt=\"Cattelya trianae &#039;Hegau-Liebe&#039;\" srcset=\"https:\/\/staging.orchidee.de\/wp-content\/uploads\/Cattelya-trianae-Hegau-Liebe-764x1024.jpg 764w, https:\/\/staging.orchidee.de\/wp-content\/uploads\/Cattelya-trianae-Hegau-Liebe-239x320.jpg 239w, https:\/\/staging.orchidee.de\/wp-content\/uploads\/Cattelya-trianae-Hegau-Liebe-1146x1536.jpg 1146w, https:\/\/staging.orchidee.de\/wp-content\/uploads\/Cattelya-trianae-Hegau-Liebe-477x640.jpg 477w, https:\/\/staging.orchidee.de\/wp-content\/uploads\/Cattelya-trianae-Hegau-Liebe-298x400.jpg 298w, https:\/\/staging.orchidee.de\/wp-content\/uploads\/Cattelya-trianae-Hegau-Liebe.jpg 1790w\" sizes=\"auto, (max-width: 764px) 100vw, 764px\" \/><\/a><\/div><h4 class=\"w-post-elm post_title usg_post_title_1 entry-title color_link_inherit\">Cattleya trianae &#8216;Hegau-Liebe&#8217;<\/h4><div class=\"w-post-elm post_content usg_post_content_1\">03\/2023&hellip;<\/div>\t\t<\/div>\r\n\t<\/article>\r\n\t<article class=\"w-grid-item us_animate_afc off_autostart size_1x1 custom-link post-19077 us_portfolio type-us_portfolio status-publish has-post-thumbnail hentry us_portfolio_category-champion\" data-id=\"19077\" style=\"animation-delay:0s\">\r\n\t\t<div class=\"w-grid-item-h\">\r\n\t\t\t\t\t\t\t<a class=\"w-grid-item-anchor\" href=\"\/paphiopedilum-rothschildianum-timotheus\/\" aria-label=\"Paphiopedilum rothschildianum &#8216;Timotheus&#8217;\"><\/a>\r\n\t\t\t\t\t\t<div class=\"w-post-elm post_image usg_post_image_1 grid_corner_image as_circle stretched\"><a href=\"https:\/\/staging.orchidee.de\/en\/portfolio\/paphiopedilum-rothschildianum-timotheus\/\" aria-label=\"Paphiopedilum rothschildianum &#8216;Timotheus&#8217;\"><img loading=\"lazy\" decoding=\"async\" width=\"768\" height=\"1024\" src=\"https:\/\/staging.orchidee.de\/wp-content\/uploads\/Paphiopedilum-rothschildianum-Timotheus-768x1024.jpg\" class=\"attachment-large size-large wp-post-image\" alt=\"Paphiopedilum rothschildianum &#039;Timotheus&#039;\" srcset=\"https:\/\/staging.orchidee.de\/wp-content\/uploads\/Paphiopedilum-rothschildianum-Timotheus-768x1024.jpg 768w, https:\/\/staging.orchidee.de\/wp-content\/uploads\/Paphiopedilum-rothschildianum-Timotheus-240x320.jpg 240w, https:\/\/staging.orchidee.de\/wp-content\/uploads\/Paphiopedilum-rothschildianum-Timotheus-300x400.jpg 300w, https:\/\/staging.orchidee.de\/wp-content\/uploads\/Paphiopedilum-rothschildianum-Timotheus-1152x1536.jpg 1152w, https:\/\/staging.orchidee.de\/wp-content\/uploads\/Paphiopedilum-rothschildianum-Timotheus-480x640.jpg 480w, https:\/\/staging.orchidee.de\/wp-content\/uploads\/Paphiopedilum-rothschildianum-Timotheus.jpg 1800w\" sizes=\"auto, (max-width: 768px) 100vw, 768px\" \/><\/a><\/div><h4 class=\"w-post-elm post_title usg_post_title_1 entry-title color_link_inherit\">Paphiopedilum rothschildianum &#8216;Timotheus&#8217;<\/h4><div class=\"w-post-elm post_content usg_post_content_1\">02\/2023&hellip;<\/div>\t\t<\/div>\r\n\t<\/article>\r\n\t<article class=\"w-grid-item us_animate_afc off_autostart size_1x1 custom-link post-18969 us_portfolio type-us_portfolio status-publish has-post-thumbnail hentry us_portfolio_category-champion\" data-id=\"18969\" style=\"animation-delay:0.1s\">\r\n\t\t<div class=\"w-grid-item-h\">\r\n\t\t\t\t\t\t\t<a class=\"w-grid-item-anchor\" href=\"\/leptotes-bicolor-sk-3\/\" aria-label=\"Leptotes bicolor &#8216;SK&#8217;\"><\/a>\r\n\t\t\t\t\t\t<div class=\"w-post-elm post_image usg_post_image_1 grid_corner_image as_circle stretched\"><a href=\"https:\/\/staging.orchidee.de\/en\/portfolio\/leptotes-bicolor-sk-3\/\" aria-label=\"Leptotes bicolor &#8216;SK&#8217;\"><img loading=\"lazy\" decoding=\"async\" width=\"1024\" height=\"1024\" src=\"https:\/\/staging.orchidee.de\/wp-content\/uploads\/Leptotes-bicolor-SK-1024x1024.jpg\" class=\"attachment-large size-large wp-post-image\" alt=\"Leptotes bicolor &#039;SK&#039;\" srcset=\"https:\/\/staging.orchidee.de\/wp-content\/uploads\/Leptotes-bicolor-SK-1024x1024.jpg 1024w, https:\/\/staging.orchidee.de\/wp-content\/uploads\/Leptotes-bicolor-SK-320x320.jpg 320w, https:\/\/staging.orchidee.de\/wp-content\/uploads\/Leptotes-bicolor-SK-150x150.jpg 150w, https:\/\/staging.orchidee.de\/wp-content\/uploads\/Leptotes-bicolor-SK-300x300.jpg 300w, https:\/\/staging.orchidee.de\/wp-content\/uploads\/Leptotes-bicolor-SK-1536x1536.jpg 1536w, https:\/\/staging.orchidee.de\/wp-content\/uploads\/Leptotes-bicolor-SK-640x640.jpg 640w, https:\/\/staging.orchidee.de\/wp-content\/uploads\/Leptotes-bicolor-SK-400x400.jpg 400w, https:\/\/staging.orchidee.de\/wp-content\/uploads\/Leptotes-bicolor-SK-1000x1000.jpg 1000w\" sizes=\"auto, (max-width: 1024px) 100vw, 1024px\" \/><\/a><\/div><h4 class=\"w-post-elm post_title usg_post_title_1 entry-title color_link_inherit\">Leptotes bicolor &#8216;SK&#8217;<\/h4><div class=\"w-post-elm post_content usg_post_content_1\">01\/2023&hellip;<\/div>\t\t<\/div>\r\n\t<\/article>\r\n\t<article class=\"w-grid-item us_animate_afc off_autostart size_1x1 custom-link post-18571 us_portfolio type-us_portfolio status-publish has-post-thumbnail hentry us_portfolio_category-champion\" data-id=\"18571\" style=\"animation-delay:0.2s\">\r\n\t\t<div class=\"w-grid-item-h\">\r\n\t\t\t\t\t\t\t<a class=\"w-grid-item-anchor\" href=\"\/fredclarkeara-after-dark-svo-black-pearl\/\" aria-label=\"Fredclarkeara After Dark &#8216;SVO Black Pearl&#8217;\"><\/a>\r\n\t\t\t\t\t\t<div class=\"w-post-elm post_image usg_post_image_1 grid_corner_image as_circle stretched\"><a href=\"https:\/\/staging.orchidee.de\/en\/portfolio\/fredclarkeara-after-dark-svo-black-pearl\/\" aria-label=\"Fredclarkeara After Dark &#8216;SVO Black Pearl&#8217;\"><img loading=\"lazy\" decoding=\"async\" width=\"819\" height=\"1024\" src=\"https:\/\/staging.orchidee.de\/wp-content\/uploads\/Fredclarkeara-After-Dark-SVO-Black-Pearl-819x1024.jpg\" class=\"attachment-large size-large wp-post-image\" alt=\"Fredclarkeara After Dark &#039;SVO Black Pearl&#039;\" srcset=\"https:\/\/staging.orchidee.de\/wp-content\/uploads\/Fredclarkeara-After-Dark-SVO-Black-Pearl-819x1024.jpg 819w, https:\/\/staging.orchidee.de\/wp-content\/uploads\/Fredclarkeara-After-Dark-SVO-Black-Pearl-256x320.jpg 256w, https:\/\/staging.orchidee.de\/wp-content\/uploads\/Fredclarkeara-After-Dark-SVO-Black-Pearl-1229x1536.jpg 1229w, https:\/\/staging.orchidee.de\/wp-content\/uploads\/Fredclarkeara-After-Dark-SVO-Black-Pearl-512x640.jpg 512w, https:\/\/staging.orchidee.de\/wp-content\/uploads\/Fredclarkeara-After-Dark-SVO-Black-Pearl-320x400.jpg 320w, https:\/\/staging.orchidee.de\/wp-content\/uploads\/Fredclarkeara-After-Dark-SVO-Black-Pearl.jpg 1920w\" sizes=\"auto, (max-width: 819px) 100vw, 819px\" \/><\/a><\/div><h4 class=\"w-post-elm post_title usg_post_title_1 entry-title color_link_inherit\">Fredclarkeara After Dark &#8216;SVO Black Pearl&#8217;<\/h4><div class=\"w-post-elm post_content usg_post_content_1\">12\/2022&hellip;<\/div>\t\t<\/div>\r\n\t<\/article>\r\n\t<article class=\"w-grid-item us_animate_afc off_autostart size_1x1 post-18125 us_portfolio type-us_portfolio status-publish has-post-thumbnail hentry us_portfolio_category-champion\" data-id=\"18125\" style=\"animation-delay:0.3s\">\r\n\t\t<div class=\"w-grid-item-h\">\r\n\t\t\t\t\t\t\t<a class=\"w-grid-item-anchor\" href=\"https:\/\/staging.orchidee.de\/en\/portfolio\/aerangis-biloba-white-dream\/\" rel=\"bookmark\" aria-label=\"Aerangis biloba &#8216;White Dream&#8217;\"><\/a>\r\n\t\t\t\t\t\t<div class=\"w-post-elm post_image usg_post_image_1 grid_corner_image as_circle stretched\"><a href=\"https:\/\/staging.orchidee.de\/en\/portfolio\/aerangis-biloba-white-dream\/\" aria-label=\"Aerangis biloba &#8216;White Dream&#8217;\"><img loading=\"lazy\" decoding=\"async\" width=\"1024\" height=\"919\" src=\"https:\/\/staging.orchidee.de\/wp-content\/uploads\/Aerangis-biloba-White-Dream-1024x919.jpg\" class=\"attachment-large size-large wp-post-image\" alt=\"Aerangis biloba &#039;White Dream&#039;\" srcset=\"https:\/\/staging.orchidee.de\/wp-content\/uploads\/Aerangis-biloba-White-Dream-1024x919.jpg 1024w, https:\/\/staging.orchidee.de\/wp-content\/uploads\/Aerangis-biloba-White-Dream-320x287.jpg 320w, https:\/\/staging.orchidee.de\/wp-content\/uploads\/Aerangis-biloba-White-Dream-1536x1378.jpg 1536w, https:\/\/staging.orchidee.de\/wp-content\/uploads\/Aerangis-biloba-White-Dream-640x574.jpg 640w, https:\/\/staging.orchidee.de\/wp-content\/uploads\/Aerangis-biloba-White-Dream-446x400.jpg 446w\" sizes=\"auto, (max-width: 1024px) 100vw, 1024px\" \/><\/a><\/div><h4 class=\"w-post-elm post_title usg_post_title_1 entry-title color_link_inherit\">Aerangis biloba &#8216;White Dream&#8217;<\/h4><div class=\"w-post-elm post_content usg_post_content_1\">11\/2022&hellip;<\/div>\t\t<\/div>\r\n\t<\/article>\r\n\t<article class=\"w-grid-item us_animate_afc off_autostart size_1x1 post-18114 us_portfolio type-us_portfolio status-publish has-post-thumbnail hentry us_portfolio_category-champion\" data-id=\"18114\" style=\"animation-delay:0.4s\">\r\n\t\t<div class=\"w-grid-item-h\">\r\n\t\t\t\t\t\t\t<a class=\"w-grid-item-anchor\" href=\"https:\/\/staging.orchidee.de\/en\/portfolio\/paraphadenia-juraj-kojs-feentanz\/\" rel=\"bookmark\" aria-label=\"Paraphadenia Juraj Kojs &#8216;Feentanz&#8217;\"><\/a>\r\n\t\t\t\t\t\t<div class=\"w-post-elm post_image usg_post_image_1 grid_corner_image as_circle stretched\"><a href=\"https:\/\/staging.orchidee.de\/en\/portfolio\/paraphadenia-juraj-kojs-feentanz\/\" aria-label=\"Paraphadenia Juraj Kojs &#8216;Feentanz&#8217;\"><img loading=\"lazy\" decoding=\"async\" width=\"1024\" height=\"1024\" src=\"https:\/\/staging.orchidee.de\/wp-content\/uploads\/Paraphadenia-Juraj-Kojs_Feentanz-1024x1024.jpg\" class=\"attachment-large size-large wp-post-image\" alt=\"Paraphadenia Juraj Kojs &#039;Feentanz&#039;\" srcset=\"https:\/\/staging.orchidee.de\/wp-content\/uploads\/Paraphadenia-Juraj-Kojs_Feentanz-1024x1024.jpg 1024w, https:\/\/staging.orchidee.de\/wp-content\/uploads\/Paraphadenia-Juraj-Kojs_Feentanz-320x320.jpg 320w, https:\/\/staging.orchidee.de\/wp-content\/uploads\/Paraphadenia-Juraj-Kojs_Feentanz-150x150.jpg 150w, https:\/\/staging.orchidee.de\/wp-content\/uploads\/Paraphadenia-Juraj-Kojs_Feentanz-300x300.jpg 300w, https:\/\/staging.orchidee.de\/wp-content\/uploads\/Paraphadenia-Juraj-Kojs_Feentanz-1536x1536.jpg 1536w, https:\/\/staging.orchidee.de\/wp-content\/uploads\/Paraphadenia-Juraj-Kojs_Feentanz-640x640.jpg 640w, https:\/\/staging.orchidee.de\/wp-content\/uploads\/Paraphadenia-Juraj-Kojs_Feentanz-400x400.jpg 400w, https:\/\/staging.orchidee.de\/wp-content\/uploads\/Paraphadenia-Juraj-Kojs_Feentanz-1000x1000.jpg 1000w\" sizes=\"auto, (max-width: 1024px) 100vw, 1024px\" \/><\/a><\/div><h4 class=\"w-post-elm post_title usg_post_title_1 entry-title color_link_inherit\">Paraphadenia Juraj Kojs &#8216;Feentanz&#8217;<\/h4><div class=\"w-post-elm post_content usg_post_content_1\">11\/2022&hellip;<\/div>\t\t<\/div>\r\n\t<\/article>\r\n\t<article class=\"w-grid-item us_animate_afc off_autostart size_1x1 post-17979 us_portfolio type-us_portfolio status-publish has-post-thumbnail hentry us_portfolio_category-champion\" data-id=\"17979\" style=\"animation-delay:0.5s\">\r\n\t\t<div class=\"w-grid-item-h\">\r\n\t\t\t\t\t\t\t<a class=\"w-grid-item-anchor\" href=\"https:\/\/staging.orchidee.de\/en\/portfolio\/bulbophyllum-rothschildianum-edelfeld\/\" rel=\"bookmark\" aria-label=\"Bulbophyllum rothschildianum &#8216;Edelfeld&#8217;\"><\/a>\r\n\t\t\t\t\t\t<div class=\"w-post-elm post_image usg_post_image_1 grid_corner_image as_circle stretched\"><a href=\"https:\/\/staging.orchidee.de\/en\/portfolio\/bulbophyllum-rothschildianum-edelfeld\/\" aria-label=\"Bulbophyllum rothschildianum &#8216;Edelfeld&#8217;\"><img loading=\"lazy\" decoding=\"async\" width=\"1024\" height=\"900\" src=\"https:\/\/staging.orchidee.de\/wp-content\/uploads\/Bulbophyllum-rothschildianum-Edelfeld-1024x900.jpg\" class=\"attachment-large size-large wp-post-image\" alt=\"Bulbophyllum rothschildianum &#039;Edelfeld&#039;\" srcset=\"https:\/\/staging.orchidee.de\/wp-content\/uploads\/Bulbophyllum-rothschildianum-Edelfeld-1024x900.jpg 1024w, https:\/\/staging.orchidee.de\/wp-content\/uploads\/Bulbophyllum-rothschildianum-Edelfeld-320x281.jpg 320w, https:\/\/staging.orchidee.de\/wp-content\/uploads\/Bulbophyllum-rothschildianum-Edelfeld-1536x1350.jpg 1536w, https:\/\/staging.orchidee.de\/wp-content\/uploads\/Bulbophyllum-rothschildianum-Edelfeld-640x562.jpg 640w, https:\/\/staging.orchidee.de\/wp-content\/uploads\/Bulbophyllum-rothschildianum-Edelfeld-455x400.jpg 455w\" sizes=\"auto, (max-width: 1024px) 100vw, 1024px\" \/><\/a><\/div><h4 class=\"w-post-elm post_title usg_post_title_1 entry-title color_link_inherit\">Bulbophyllum rothschildianum &#8216;Edelfeld&#8217;<\/h4><div class=\"w-post-elm post_content usg_post_content_1\">10\/2022&hellip;<\/div>\t\t<\/div>\r\n\t<\/article>\r\n\t<article class=\"w-grid-item us_animate_afc off_autostart size_1x1 post-17840 us_portfolio type-us_portfolio status-publish has-post-thumbnail hentry us_portfolio_category-champion\" data-id=\"17840\" style=\"animation-delay:0s\">\r\n\t\t<div class=\"w-grid-item-h\">\r\n\t\t\t\t\t\t\t<a class=\"w-grid-item-anchor\" href=\"https:\/\/staging.orchidee.de\/en\/portfolio\/cattleya-warszewiczii-tengen\/\" rel=\"bookmark\" aria-label=\"Cattleya warszewiczii &#8216;Tengen&#8217;\"><\/a>\r\n\t\t\t\t\t\t<div class=\"w-post-elm post_image usg_post_image_1 grid_corner_image as_circle stretched\"><a href=\"https:\/\/staging.orchidee.de\/en\/portfolio\/cattleya-warszewiczii-tengen\/\" aria-label=\"Cattleya warszewiczii &#8216;Tengen&#8217;\"><img loading=\"lazy\" decoding=\"async\" width=\"683\" height=\"1024\" src=\"https:\/\/staging.orchidee.de\/wp-content\/uploads\/Cattleya-warszewiczii-Tengen-683x1024.jpg\" class=\"attachment-large size-large wp-post-image\" alt=\"Cattleya warszewiczii &#039;Tengen&#039;\" srcset=\"https:\/\/staging.orchidee.de\/wp-content\/uploads\/Cattleya-warszewiczii-Tengen-683x1024.jpg 683w, https:\/\/staging.orchidee.de\/wp-content\/uploads\/Cattleya-warszewiczii-Tengen-213x320.jpg 213w, https:\/\/staging.orchidee.de\/wp-content\/uploads\/Cattleya-warszewiczii-Tengen-1024x1536.jpg 1024w, https:\/\/staging.orchidee.de\/wp-content\/uploads\/Cattleya-warszewiczii-Tengen-427x640.jpg 427w, https:\/\/staging.orchidee.de\/wp-content\/uploads\/Cattleya-warszewiczii-Tengen-267x400.jpg 267w, https:\/\/staging.orchidee.de\/wp-content\/uploads\/Cattleya-warszewiczii-Tengen.jpg 1600w\" sizes=\"auto, (max-width: 683px) 100vw, 683px\" \/><\/a><\/div><h4 class=\"w-post-elm post_title usg_post_title_1 entry-title color_link_inherit\">Cattleya warszewiczii &#8216;Tengen&#8217;<\/h4><div class=\"w-post-elm post_content usg_post_content_1\">09\/2022&hellip;<\/div>\t\t<\/div>\r\n\t<\/article>\r\n\t<article class=\"w-grid-item us_animate_afc off_autostart size_1x1 post-17153 us_portfolio type-us_portfolio status-publish has-post-thumbnail hentry us_portfolio_category-champion\" data-id=\"17153\" style=\"animation-delay:0.1s\">\r\n\t\t<div class=\"w-grid-item-h\">\r\n\t\t\t\t\t\t\t<a class=\"w-grid-item-anchor\" href=\"https:\/\/staging.orchidee.de\/en\/portfolio\/cattleya-pygmaea-sophia\/\" rel=\"bookmark\" aria-label=\"Cattleya pygmaea &#8216;Sophia&#8217;\"><\/a>\r\n\t\t\t\t\t\t<div class=\"w-post-elm post_image usg_post_image_1 grid_corner_image as_circle stretched\"><a href=\"https:\/\/staging.orchidee.de\/en\/portfolio\/cattleya-pygmaea-sophia\/\" aria-label=\"Cattleya pygmaea &#8216;Sophia&#8217;\"><img loading=\"lazy\" decoding=\"async\" width=\"1024\" height=\"768\" src=\"https:\/\/staging.orchidee.de\/wp-content\/uploads\/Cattleya-pygmaea-Sophia-1024x768.jpg\" class=\"attachment-large size-large wp-post-image\" alt=\"Cattleya pygmaea &#039;Sophia&#039;\" srcset=\"https:\/\/staging.orchidee.de\/wp-content\/uploads\/Cattleya-pygmaea-Sophia-1024x768.jpg 1024w, https:\/\/staging.orchidee.de\/wp-content\/uploads\/Cattleya-pygmaea-Sophia-320x240.jpg 320w, https:\/\/staging.orchidee.de\/wp-content\/uploads\/Cattleya-pygmaea-Sophia-1536x1152.jpg 1536w, https:\/\/staging.orchidee.de\/wp-content\/uploads\/Cattleya-pygmaea-Sophia-640x480.jpg 640w, https:\/\/staging.orchidee.de\/wp-content\/uploads\/Cattleya-pygmaea-Sophia-533x400.jpg 533w\" sizes=\"auto, (max-width: 1024px) 100vw, 1024px\" \/><\/a><\/div><h4 class=\"w-post-elm post_title usg_post_title_1 entry-title color_link_inherit\">Cattleya pygmaea &#8216;Sophia&#8217;<\/h4><div class=\"w-post-elm post_content usg_post_content_1\">08\/2022&hellip;<\/div>\t\t<\/div>\r\n\t<\/article>\r\n\t<article class=\"w-grid-item us_animate_afc off_autostart size_1x1 post-17149 us_portfolio type-us_portfolio status-publish has-post-thumbnail hentry us_portfolio_category-champion\" data-id=\"17149\" style=\"animation-delay:0.2s\">\r\n\t\t<div class=\"w-grid-item-h\">\r\n\t\t\t\t\t\t\t<a class=\"w-grid-item-anchor\" href=\"https:\/\/staging.orchidee.de\/en\/portfolio\/rhynchostylis-retusa-fuchsschwanz\/\" rel=\"bookmark\" aria-label=\"Rhynchostylis retusa &#8216;Fuchsschwanz&#8217;\"><\/a>\r\n\t\t\t\t\t\t<div class=\"w-post-elm post_image usg_post_image_1 grid_corner_image as_circle stretched\"><a href=\"https:\/\/staging.orchidee.de\/en\/portfolio\/rhynchostylis-retusa-fuchsschwanz\/\" aria-label=\"Rhynchostylis retusa &#8216;Fuchsschwanz&#8217;\"><img loading=\"lazy\" decoding=\"async\" width=\"771\" height=\"1024\" src=\"https:\/\/staging.orchidee.de\/wp-content\/uploads\/Rhynchostylis-retusa-Fuchsschwanz-771x1024.jpg\" class=\"attachment-large size-large wp-post-image\" alt=\"Rhynchostylis retusa &#039;Fuchsschwanz&#039;\" srcset=\"https:\/\/staging.orchidee.de\/wp-content\/uploads\/Rhynchostylis-retusa-Fuchsschwanz-771x1024.jpg 771w, https:\/\/staging.orchidee.de\/wp-content\/uploads\/Rhynchostylis-retusa-Fuchsschwanz-241x320.jpg 241w, https:\/\/staging.orchidee.de\/wp-content\/uploads\/Rhynchostylis-retusa-Fuchsschwanz-1156x1536.jpg 1156w, https:\/\/staging.orchidee.de\/wp-content\/uploads\/Rhynchostylis-retusa-Fuchsschwanz-482x640.jpg 482w, https:\/\/staging.orchidee.de\/wp-content\/uploads\/Rhynchostylis-retusa-Fuchsschwanz-301x400.jpg 301w, https:\/\/staging.orchidee.de\/wp-content\/uploads\/Rhynchostylis-retusa-Fuchsschwanz.jpg 1806w\" sizes=\"auto, (max-width: 771px) 100vw, 771px\" \/><\/a><\/div><h4 class=\"w-post-elm post_title usg_post_title_1 entry-title color_link_inherit\">Rhynchostylis retusa &#8216;Fuchsschwanz&#8217;<\/h4><div class=\"w-post-elm post_content usg_post_content_1\">08\/2022&hellip;<\/div>\t\t<\/div>\r\n\t<\/article>\r\n\t<article class=\"w-grid-item us_animate_afc off_autostart size_1x1 post-17145 us_portfolio type-us_portfolio status-publish has-post-thumbnail hentry us_portfolio_category-champion\" data-id=\"17145\" style=\"animation-delay:0.3s\">\r\n\t\t<div class=\"w-grid-item-h\">\r\n\t\t\t\t\t\t\t<a class=\"w-grid-item-anchor\" href=\"https:\/\/staging.orchidee.de\/en\/portfolio\/vanda-falcata-honggang-\u7d05\u7db1\/\" rel=\"bookmark\" aria-label=\"Vanda falcata &#8216;Honggang&#8217; \u7d05\u7db1\"><\/a>\r\n\t\t\t\t\t\t<div class=\"w-post-elm post_image usg_post_image_1 grid_corner_image as_circle stretched\"><a href=\"https:\/\/staging.orchidee.de\/en\/portfolio\/vanda-falcata-honggang-\u7d05\u7db1\/\" aria-label=\"Vanda falcata &#8216;Honggang&#8217; \u7d05\u7db1\"><img loading=\"lazy\" decoding=\"async\" width=\"1024\" height=\"768\" src=\"https:\/\/staging.orchidee.de\/wp-content\/uploads\/Vanda-falcata-Honggang-1024x768.jpg\" class=\"attachment-large size-large wp-post-image\" alt=\"Vanda falcata &#039;Honggang&#039;\" srcset=\"https:\/\/staging.orchidee.de\/wp-content\/uploads\/Vanda-falcata-Honggang-1024x768.jpg 1024w, https:\/\/staging.orchidee.de\/wp-content\/uploads\/Vanda-falcata-Honggang-320x240.jpg 320w, https:\/\/staging.orchidee.de\/wp-content\/uploads\/Vanda-falcata-Honggang-1536x1152.jpg 1536w, https:\/\/staging.orchidee.de\/wp-content\/uploads\/Vanda-falcata-Honggang-640x480.jpg 640w, https:\/\/staging.orchidee.de\/wp-content\/uploads\/Vanda-falcata-Honggang-533x400.jpg 533w\" sizes=\"auto, (max-width: 1024px) 100vw, 1024px\" \/><\/a><\/div><h4 class=\"w-post-elm post_title usg_post_title_1 entry-title color_link_inherit\">Vanda falcata &#8216;Honggang&#8217; \u7d05\u7db1<\/h4><div class=\"w-post-elm post_content usg_post_content_1\">07\/2022&hellip;<\/div>\t\t<\/div>\r\n\t<\/article>\r\n\t<article class=\"w-grid-item us_animate_afc off_autostart size_1x1 post-17141 us_portfolio type-us_portfolio status-publish has-post-thumbnail hentry us_portfolio_category-champion\" data-id=\"17141\" style=\"animation-delay:0.4s\">\r\n\t\t<div class=\"w-grid-item-h\">\r\n\t\t\t\t\t\t\t<a class=\"w-grid-item-anchor\" href=\"https:\/\/staging.orchidee.de\/en\/portfolio\/angraecum-leonis-sternchen-mit-sporn\/\" rel=\"bookmark\" aria-label=\"Angraecum leonis &#8216;Sternchen mit Sporn&#8217;\"><\/a>\r\n\t\t\t\t\t\t<div class=\"w-post-elm post_image usg_post_image_1 grid_corner_image as_circle stretched\"><a href=\"https:\/\/staging.orchidee.de\/en\/portfolio\/angraecum-leonis-sternchen-mit-sporn\/\" aria-label=\"Angraecum leonis &#8216;Sternchen mit Sporn&#8217;\"><img loading=\"lazy\" decoding=\"async\" width=\"1024\" height=\"768\" src=\"https:\/\/staging.orchidee.de\/wp-content\/uploads\/Angraecum-leonis-Sternchen-mit-Sporn-1024x768.jpg\" class=\"attachment-large size-large wp-post-image\" alt=\"Angraecum leonis &#039;Sternchen mit Sporn&#039;\" srcset=\"https:\/\/staging.orchidee.de\/wp-content\/uploads\/Angraecum-leonis-Sternchen-mit-Sporn-1024x768.jpg 1024w, https:\/\/staging.orchidee.de\/wp-content\/uploads\/Angraecum-leonis-Sternchen-mit-Sporn-320x240.jpg 320w, https:\/\/staging.orchidee.de\/wp-content\/uploads\/Angraecum-leonis-Sternchen-mit-Sporn-1536x1152.jpg 1536w, https:\/\/staging.orchidee.de\/wp-content\/uploads\/Angraecum-leonis-Sternchen-mit-Sporn-640x480.jpg 640w, https:\/\/staging.orchidee.de\/wp-content\/uploads\/Angraecum-leonis-Sternchen-mit-Sporn-533x400.jpg 533w\" sizes=\"auto, (max-width: 1024px) 100vw, 1024px\" \/><\/a><\/div><h4 class=\"w-post-elm post_title usg_post_title_1 entry-title color_link_inherit\">Angraecum leonis &#8216;Sternchen mit Sporn&#8217;<\/h4><div class=\"w-post-elm post_content usg_post_content_1\">06\/2022&hellip;<\/div>\t\t<\/div>\r\n\t<\/article>\r\n\t<article class=\"w-grid-item us_animate_afc off_autostart size_1x1 post-17137 us_portfolio type-us_portfolio status-publish has-post-thumbnail hentry us_portfolio_category-champion\" data-id=\"17137\" style=\"animation-delay:0.5s\">\r\n\t\t<div class=\"w-grid-item-h\">\r\n\t\t\t\t\t\t\t<a class=\"w-grid-item-anchor\" href=\"https:\/\/staging.orchidee.de\/en\/portfolio\/cattleya-mossiae-morgenduft\/\" rel=\"bookmark\" aria-label=\"Cattleya mossiae &#8216;Morgenduft&#8217;\"><\/a>\r\n\t\t\t\t\t\t<div class=\"w-post-elm post_image usg_post_image_1 grid_corner_image as_circle stretched\"><a href=\"https:\/\/staging.orchidee.de\/en\/portfolio\/cattleya-mossiae-morgenduft\/\" aria-label=\"Cattleya mossiae &#8216;Morgenduft&#8217;\"><img loading=\"lazy\" decoding=\"async\" width=\"1024\" height=\"853\" src=\"https:\/\/staging.orchidee.de\/wp-content\/uploads\/Cattleya-mossiae-Morgenduft-1024x853.jpg\" class=\"attachment-large size-large wp-post-image\" alt=\"Cattleya mossiae &#039;Morgenduft&#039;\" srcset=\"https:\/\/staging.orchidee.de\/wp-content\/uploads\/Cattleya-mossiae-Morgenduft-1024x853.jpg 1024w, https:\/\/staging.orchidee.de\/wp-content\/uploads\/Cattleya-mossiae-Morgenduft-320x267.jpg 320w, https:\/\/staging.orchidee.de\/wp-content\/uploads\/Cattleya-mossiae-Morgenduft-1536x1279.jpg 1536w, https:\/\/staging.orchidee.de\/wp-content\/uploads\/Cattleya-mossiae-Morgenduft-640x533.jpg 640w, https:\/\/staging.orchidee.de\/wp-content\/uploads\/Cattleya-mossiae-Morgenduft-480x400.jpg 480w\" sizes=\"auto, (max-width: 1024px) 100vw, 1024px\" \/><\/a><\/div><h4 class=\"w-post-elm post_title usg_post_title_1 entry-title color_link_inherit\">Cattleya mossiae &#8216;Morgenduft&#8217;<\/h4><div class=\"w-post-elm post_content usg_post_content_1\">05\/2022&hellip;<\/div>\t\t<\/div>\r\n\t<\/article>\r\n\t<article class=\"w-grid-item us_animate_afc off_autostart size_1x1 post-17133 us_portfolio type-us_portfolio status-publish has-post-thumbnail hentry us_portfolio_category-champion\" data-id=\"17133\" style=\"animation-delay:0s\">\r\n\t\t<div class=\"w-grid-item-h\">\r\n\t\t\t\t\t\t\t<a class=\"w-grid-item-anchor\" href=\"https:\/\/staging.orchidee.de\/en\/portfolio\/dendrobium-thyrsiflorum-maria\/\" rel=\"bookmark\" aria-label=\"Dendrobium thyrsiflorum &#8216;Maria&#8217;\"><\/a>\r\n\t\t\t\t\t\t<div class=\"w-post-elm post_image usg_post_image_1 grid_corner_image as_circle stretched\"><a href=\"https:\/\/staging.orchidee.de\/en\/portfolio\/dendrobium-thyrsiflorum-maria\/\" aria-label=\"Dendrobium thyrsiflorum &#8216;Maria&#8217;\"><img loading=\"lazy\" decoding=\"async\" width=\"936\" height=\"1024\" src=\"https:\/\/staging.orchidee.de\/wp-content\/uploads\/Dendrobium-thyrsiflorum-Maria-936x1024.jpg\" class=\"attachment-large size-large wp-post-image\" alt=\"Dendrobium thyrsiflorum &#039;Maria&#039;\" srcset=\"https:\/\/staging.orchidee.de\/wp-content\/uploads\/Dendrobium-thyrsiflorum-Maria-936x1024.jpg 936w, https:\/\/staging.orchidee.de\/wp-content\/uploads\/Dendrobium-thyrsiflorum-Maria-292x320.jpg 292w, https:\/\/staging.orchidee.de\/wp-content\/uploads\/Dendrobium-thyrsiflorum-Maria-1404x1536.jpg 1404w, https:\/\/staging.orchidee.de\/wp-content\/uploads\/Dendrobium-thyrsiflorum-Maria-585x640.jpg 585w, https:\/\/staging.orchidee.de\/wp-content\/uploads\/Dendrobium-thyrsiflorum-Maria-366x400.jpg 366w\" sizes=\"auto, (max-width: 936px) 100vw, 936px\" \/><\/a><\/div><h4 class=\"w-post-elm post_title usg_post_title_1 entry-title color_link_inherit\">Dendrobium thyrsiflorum &#8216;Maria&#8217;<\/h4><div class=\"w-post-elm post_content usg_post_content_1\">04\/2022&hellip;<\/div>\t\t<\/div>\r\n\t<\/article>\r\n\t<article class=\"w-grid-item us_animate_afc off_autostart size_1x1 post-7394 us_portfolio type-us_portfolio status-publish has-post-thumbnail hentry us_portfolio_category-champion\" data-id=\"7394\" style=\"animation-delay:0.1s\">\r\n\t\t<div class=\"w-grid-item-h\">\r\n\t\t\t\t\t\t\t<a class=\"w-grid-item-anchor\" href=\"https:\/\/staging.orchidee.de\/en\/portfolio\/7394\/\" rel=\"bookmark\" aria-label=\"Lycaste virginalis &#8216;Frieden&#8217;\"><\/a>\r\n\t\t\t\t\t\t<div class=\"w-post-elm post_image usg_post_image_1 grid_corner_image as_circle stretched\"><a href=\"https:\/\/staging.orchidee.de\/en\/portfolio\/7394\/\" aria-label=\"Lycaste virginalis &#8216;Frieden&#8217;\"><img loading=\"lazy\" decoding=\"async\" width=\"945\" height=\"1024\" src=\"https:\/\/staging.orchidee.de\/wp-content\/uploads\/Lycaste-virginalis-Frieden-945x1024.jpg\" class=\"attachment-large size-large wp-post-image\" alt=\"Lycaste virginalis &#039;Frieden&#039;\" srcset=\"https:\/\/staging.orchidee.de\/wp-content\/uploads\/Lycaste-virginalis-Frieden-945x1024.jpg 945w, https:\/\/staging.orchidee.de\/wp-content\/uploads\/Lycaste-virginalis-Frieden-295x320.jpg 295w, https:\/\/staging.orchidee.de\/wp-content\/uploads\/Lycaste-virginalis-Frieden-1417x1536.jpg 1417w, https:\/\/staging.orchidee.de\/wp-content\/uploads\/Lycaste-virginalis-Frieden-590x640.jpg 590w, https:\/\/staging.orchidee.de\/wp-content\/uploads\/Lycaste-virginalis-Frieden-369x400.jpg 369w\" sizes=\"auto, (max-width: 945px) 100vw, 945px\" \/><\/a><\/div><h4 class=\"w-post-elm post_title usg_post_title_1 entry-title color_link_inherit\">Lycaste virginalis &#8216;Frieden&#8217;<\/h4><div class=\"w-post-elm post_content usg_post_content_1\">03\/2022&hellip;<\/div>\t\t<\/div>\r\n\t<\/article>\r\n\t<article class=\"w-grid-item us_animate_afc off_autostart size_1x1 post-7421 us_portfolio type-us_portfolio status-publish has-post-thumbnail hentry us_portfolio_category-champion\" data-id=\"7421\" style=\"animation-delay:0.2s\">\r\n\t\t<div class=\"w-grid-item-h\">\r\n\t\t\t\t\t\t\t<a class=\"w-grid-item-anchor\" href=\"https:\/\/staging.orchidee.de\/en\/portfolio\/lycaste-virginalis-frieden\/\" rel=\"bookmark\" aria-label=\"Renanthera philippinensis &#8216;Edelfeld&#8217;\"><\/a>\r\n\t\t\t\t\t\t<div class=\"w-post-elm post_image usg_post_image_1 grid_corner_image as_circle stretched\"><a href=\"https:\/\/staging.orchidee.de\/en\/portfolio\/lycaste-virginalis-frieden\/\" aria-label=\"Renanthera philippinensis &#8216;Edelfeld&#8217;\"><img loading=\"lazy\" decoding=\"async\" width=\"768\" height=\"1024\" src=\"https:\/\/staging.orchidee.de\/wp-content\/uploads\/Renanthera-philippinensis-Edelfeld-768x1024.jpg\" class=\"attachment-large size-large wp-post-image\" alt=\"Renanthera philippinensis &#039;Edelfeld&#039;\" srcset=\"https:\/\/staging.orchidee.de\/wp-content\/uploads\/Renanthera-philippinensis-Edelfeld-768x1024.jpg 768w, https:\/\/staging.orchidee.de\/wp-content\/uploads\/Renanthera-philippinensis-Edelfeld-240x320.jpg 240w, https:\/\/staging.orchidee.de\/wp-content\/uploads\/Renanthera-philippinensis-Edelfeld-300x400.jpg 300w, https:\/\/staging.orchidee.de\/wp-content\/uploads\/Renanthera-philippinensis-Edelfeld-1152x1536.jpg 1152w, https:\/\/staging.orchidee.de\/wp-content\/uploads\/Renanthera-philippinensis-Edelfeld-480x640.jpg 480w, https:\/\/staging.orchidee.de\/wp-content\/uploads\/Renanthera-philippinensis-Edelfeld.jpg 1800w\" sizes=\"auto, (max-width: 768px) 100vw, 768px\" \/><\/a><\/div><h4 class=\"w-post-elm post_title usg_post_title_1 entry-title color_link_inherit\">Renanthera philippinensis &#8216;Edelfeld&#8217;<\/h4><div class=\"w-post-elm post_content usg_post_content_1\">02\/2022&hellip;<\/div>\t\t<\/div>\r\n\t<\/article>\r\n\t<article class=\"w-grid-item us_animate_afc off_autostart size_1x1 post-7432 us_portfolio type-us_portfolio status-publish has-post-thumbnail hentry us_portfolio_category-champion\" data-id=\"7432\" style=\"animation-delay:0.3s\">\r\n\t\t<div class=\"w-grid-item-h\">\r\n\t\t\t\t\t\t\t<a class=\"w-grid-item-anchor\" href=\"https:\/\/staging.orchidee.de\/en\/portfolio\/leptotes-bicolor-sk\/\" rel=\"bookmark\" aria-label=\"Leptotes bicolor &#8216;SK&#8217;\"><\/a>\r\n\t\t\t\t\t\t<div class=\"w-post-elm post_image usg_post_image_1 grid_corner_image as_circle stretched\"><a href=\"https:\/\/staging.orchidee.de\/en\/portfolio\/leptotes-bicolor-sk\/\" aria-label=\"Leptotes bicolor &#8216;SK&#8217;\"><img loading=\"lazy\" decoding=\"async\" width=\"1024\" height=\"883\" src=\"https:\/\/staging.orchidee.de\/wp-content\/uploads\/Leptotes-bicolor-SK-2022-1024x883.jpg\" class=\"attachment-large size-large wp-post-image\" alt=\"Leptotes bicolor &#039;SK&#039;\" srcset=\"https:\/\/staging.orchidee.de\/wp-content\/uploads\/Leptotes-bicolor-SK-2022-1024x883.jpg 1024w, https:\/\/staging.orchidee.de\/wp-content\/uploads\/Leptotes-bicolor-SK-2022-320x276.jpg 320w, https:\/\/staging.orchidee.de\/wp-content\/uploads\/Leptotes-bicolor-SK-2022-1536x1325.jpg 1536w, https:\/\/staging.orchidee.de\/wp-content\/uploads\/Leptotes-bicolor-SK-2022-640x552.jpg 640w, https:\/\/staging.orchidee.de\/wp-content\/uploads\/Leptotes-bicolor-SK-2022-464x400.jpg 464w\" sizes=\"auto, (max-width: 1024px) 100vw, 1024px\" \/><\/a><\/div><h4 class=\"w-post-elm post_title usg_post_title_1 entry-title color_link_inherit\">Leptotes bicolor &#8216;SK&#8217;<\/h4><div class=\"w-post-elm post_content usg_post_content_1\">01\/2022&hellip;<\/div>\t\t<\/div>\r\n\t<\/article>\r\n\t<article class=\"w-grid-item us_animate_afc off_autostart size_1x1 post-7437 us_portfolio type-us_portfolio status-publish has-post-thumbnail hentry us_portfolio_category-champion\" data-id=\"7437\" style=\"animation-delay:0.4s\">\r\n\t\t<div class=\"w-grid-item-h\">\r\n\t\t\t\t\t\t\t<a class=\"w-grid-item-anchor\" href=\"https:\/\/staging.orchidee.de\/en\/portfolio\/paphiopedilum-michael-koopowitz-schanz-strub\/\" rel=\"bookmark\" aria-label=\"Paphiopedilum Michael Koopowitz &#8216;Schanz-Strub&#8217;\"><\/a>\r\n\t\t\t\t\t\t<div class=\"w-post-elm post_image usg_post_image_1 grid_corner_image as_circle stretched\"><a href=\"https:\/\/staging.orchidee.de\/en\/portfolio\/paphiopedilum-michael-koopowitz-schanz-strub\/\" aria-label=\"Paphiopedilum Michael Koopowitz &#8216;Schanz-Strub&#8217;\"><img loading=\"lazy\" decoding=\"async\" width=\"1024\" height=\"768\" src=\"https:\/\/staging.orchidee.de\/wp-content\/uploads\/Paphiopedilum-Michael-Koopowitz-Schanz-Strub.jpg\" class=\"attachment-large size-large wp-post-image\" alt=\"Paphiopedilum Michael Koopowitz &#039;Schanz-Strub&#039;\" srcset=\"https:\/\/staging.orchidee.de\/wp-content\/uploads\/Paphiopedilum-Michael-Koopowitz-Schanz-Strub.jpg 1024w, https:\/\/staging.orchidee.de\/wp-content\/uploads\/Paphiopedilum-Michael-Koopowitz-Schanz-Strub-320x240.jpg 320w, https:\/\/staging.orchidee.de\/wp-content\/uploads\/Paphiopedilum-Michael-Koopowitz-Schanz-Strub-640x480.jpg 640w, https:\/\/staging.orchidee.de\/wp-content\/uploads\/Paphiopedilum-Michael-Koopowitz-Schanz-Strub-533x400.jpg 533w\" sizes=\"auto, (max-width: 1024px) 100vw, 1024px\" \/><\/a><\/div><h4 class=\"w-post-elm post_title usg_post_title_1 entry-title color_link_inherit\">Paphiopedilum Michael Koopowitz &#8216;Schanz-Strub&#8217;<\/h4><div class=\"w-post-elm post_content usg_post_content_1\">12\/2021&hellip;<\/div>\t\t<\/div>\r\n\t<\/article>\r\n\t<article class=\"w-grid-item us_animate_afc off_autostart size_1x1 post-17129 us_portfolio type-us_portfolio status-publish has-post-thumbnail hentry us_portfolio_category-champion\" data-id=\"17129\" style=\"animation-delay:0.5s\">\r\n\t\t<div class=\"w-grid-item-h\">\r\n\t\t\t\t\t\t\t<a class=\"w-grid-item-anchor\" href=\"https:\/\/staging.orchidee.de\/en\/portfolio\/cattleya-wittigiana-burkhardt\/\" rel=\"bookmark\" aria-label=\"Cattleya wittigiana &#8216;Burkhardt&#8217;\"><\/a>\r\n\t\t\t\t\t\t<div class=\"w-post-elm post_image usg_post_image_1 grid_corner_image as_circle stretched\"><a href=\"https:\/\/staging.orchidee.de\/en\/portfolio\/cattleya-wittigiana-burkhardt\/\" aria-label=\"Cattleya wittigiana &#8216;Burkhardt&#8217;\"><img loading=\"lazy\" decoding=\"async\" width=\"904\" height=\"1024\" src=\"https:\/\/staging.orchidee.de\/wp-content\/uploads\/Cattleya-wittigiana-Burkhardt-904x1024.jpg\" class=\"attachment-large size-large wp-post-image\" alt=\"Cattleya wittigiana &#039;Burkhardt&#039;\" srcset=\"https:\/\/staging.orchidee.de\/wp-content\/uploads\/Cattleya-wittigiana-Burkhardt-904x1024.jpg 904w, https:\/\/staging.orchidee.de\/wp-content\/uploads\/Cattleya-wittigiana-Burkhardt-283x320.jpg 283w, https:\/\/staging.orchidee.de\/wp-content\/uploads\/Cattleya-wittigiana-Burkhardt-1356x1536.jpg 1356w, https:\/\/staging.orchidee.de\/wp-content\/uploads\/Cattleya-wittigiana-Burkhardt-565x640.jpg 565w, https:\/\/staging.orchidee.de\/wp-content\/uploads\/Cattleya-wittigiana-Burkhardt-353x400.jpg 353w\" sizes=\"auto, (max-width: 904px) 100vw, 904px\" \/><\/a><\/div><h4 class=\"w-post-elm post_title usg_post_title_1 entry-title color_link_inherit\">Cattleya wittigiana &#8216;Burkhardt&#8217;<\/h4><div class=\"w-post-elm post_content usg_post_content_1\">12\/2021&hellip;<\/div>\t\t<\/div>\r\n\t<\/article>\r\n\t<article class=\"w-grid-item us_animate_afc off_autostart size_1x1 post-17125 us_portfolio type-us_portfolio status-publish has-post-thumbnail hentry us_portfolio_category-champion\" data-id=\"17125\" style=\"animation-delay:0s\">\r\n\t\t<div class=\"w-grid-item-h\">\r\n\t\t\t\t\t\t\t<a class=\"w-grid-item-anchor\" href=\"https:\/\/staging.orchidee.de\/en\/portfolio\/rossioglossum-grande-weiherkoenig\/\" rel=\"bookmark\" aria-label=\"Rossioglossum grande &#8216;Weiherk\u00f6nig&#8217;\"><\/a>\r\n\t\t\t\t\t\t<div class=\"w-post-elm post_image usg_post_image_1 grid_corner_image as_circle stretched\"><a href=\"https:\/\/staging.orchidee.de\/en\/portfolio\/rossioglossum-grande-weiherkoenig\/\" aria-label=\"Rossioglossum grande &#8216;Weiherk\u00f6nig&#8217;\"><img loading=\"lazy\" decoding=\"async\" width=\"1024\" height=\"768\" src=\"https:\/\/staging.orchidee.de\/wp-content\/uploads\/Rossioglossum-grande-Weiherkoenig-1024x768.jpg\" class=\"attachment-large size-large wp-post-image\" alt=\"Rossioglossum grande &#039;Weiherk\u00f6nig&#039;\" srcset=\"https:\/\/staging.orchidee.de\/wp-content\/uploads\/Rossioglossum-grande-Weiherkoenig-1024x768.jpg 1024w, https:\/\/staging.orchidee.de\/wp-content\/uploads\/Rossioglossum-grande-Weiherkoenig-320x240.jpg 320w, https:\/\/staging.orchidee.de\/wp-content\/uploads\/Rossioglossum-grande-Weiherkoenig-1536x1152.jpg 1536w, https:\/\/staging.orchidee.de\/wp-content\/uploads\/Rossioglossum-grande-Weiherkoenig-640x480.jpg 640w, https:\/\/staging.orchidee.de\/wp-content\/uploads\/Rossioglossum-grande-Weiherkoenig-533x400.jpg 533w, https:\/\/staging.orchidee.de\/wp-content\/uploads\/Rossioglossum-grande-Weiherkoenig.jpg 1600w\" sizes=\"auto, (max-width: 1024px) 100vw, 1024px\" \/><\/a><\/div><h4 class=\"w-post-elm post_title usg_post_title_1 entry-title color_link_inherit\">Rossioglossum grande &#8216;Weiherk\u00f6nig&#8217;<\/h4><div class=\"w-post-elm post_content usg_post_content_1\">11\/2021&hellip;<\/div>\t\t<\/div>\r\n\t<\/article>\r\n\t<article class=\"w-grid-item us_animate_afc off_autostart size_1x1 post-17121 us_portfolio type-us_portfolio status-publish has-post-thumbnail hentry us_portfolio_category-champion\" data-id=\"17121\" style=\"animation-delay:0.1s\">\r\n\t\t<div class=\"w-grid-item-h\">\r\n\t\t\t\t\t\t\t<a class=\"w-grid-item-anchor\" href=\"https:\/\/staging.orchidee.de\/en\/portfolio\/tolumnia-jairak-firm-mike\/\" rel=\"bookmark\" aria-label=\"Tolumnia Jairak Firm &#8216;Mike&#8217;\"><\/a>\r\n\t\t\t\t\t\t<div class=\"w-post-elm post_image usg_post_image_1 grid_corner_image as_circle stretched\"><a href=\"https:\/\/staging.orchidee.de\/en\/portfolio\/tolumnia-jairak-firm-mike\/\" aria-label=\"Tolumnia Jairak Firm &#8216;Mike&#8217;\"><img loading=\"lazy\" decoding=\"async\" width=\"1024\" height=\"1024\" src=\"https:\/\/staging.orchidee.de\/wp-content\/uploads\/Tolumnia-Jairak-Firm-Mike-1024x1024.jpg\" class=\"attachment-large size-large wp-post-image\" alt=\"Tolumnia Jairak Firm &#039;Mike&#039;\" srcset=\"https:\/\/staging.orchidee.de\/wp-content\/uploads\/Tolumnia-Jairak-Firm-Mike-1024x1024.jpg 1024w, https:\/\/staging.orchidee.de\/wp-content\/uploads\/Tolumnia-Jairak-Firm-Mike-320x320.jpg 320w, https:\/\/staging.orchidee.de\/wp-content\/uploads\/Tolumnia-Jairak-Firm-Mike-150x150.jpg 150w, https:\/\/staging.orchidee.de\/wp-content\/uploads\/Tolumnia-Jairak-Firm-Mike-300x300.jpg 300w, https:\/\/staging.orchidee.de\/wp-content\/uploads\/Tolumnia-Jairak-Firm-Mike-1536x1536.jpg 1536w, https:\/\/staging.orchidee.de\/wp-content\/uploads\/Tolumnia-Jairak-Firm-Mike-640x640.jpg 640w, https:\/\/staging.orchidee.de\/wp-content\/uploads\/Tolumnia-Jairak-Firm-Mike-400x400.jpg 400w, https:\/\/staging.orchidee.de\/wp-content\/uploads\/Tolumnia-Jairak-Firm-Mike-1000x1000.jpg 1000w\" sizes=\"auto, (max-width: 1024px) 100vw, 1024px\" \/><\/a><\/div><h4 class=\"w-post-elm post_title usg_post_title_1 entry-title color_link_inherit\">Tolumnia Jairak Firm &#8216;Mike&#8217;<\/h4><div class=\"w-post-elm post_content usg_post_content_1\">10\/2021&hellip;<\/div>\t\t<\/div>\r\n\t<\/article>\r\n\t<article class=\"w-grid-item us_animate_afc off_autostart size_1x1 post-17117 us_portfolio type-us_portfolio status-publish has-post-thumbnail hentry us_portfolio_category-champion\" data-id=\"17117\" style=\"animation-delay:0.2s\">\r\n\t\t<div class=\"w-grid-item-h\">\r\n\t\t\t\t\t\t\t<a class=\"w-grid-item-anchor\" href=\"https:\/\/staging.orchidee.de\/en\/portfolio\/mexipedium-xerophyticum-edelfeld\/\" rel=\"bookmark\" aria-label=\"Mexipedium xerophyticum &#8216;Edelfeld&#8217;\"><\/a>\r\n\t\t\t\t\t\t<div class=\"w-post-elm post_image usg_post_image_1 grid_corner_image as_circle stretched\"><a href=\"https:\/\/staging.orchidee.de\/en\/portfolio\/mexipedium-xerophyticum-edelfeld\/\" aria-label=\"Mexipedium xerophyticum &#8216;Edelfeld&#8217;\"><img loading=\"lazy\" decoding=\"async\" width=\"1024\" height=\"652\" src=\"https:\/\/staging.orchidee.de\/wp-content\/uploads\/Mexipedium-xerophyticum-Edelfeld-1024x652.jpg\" class=\"attachment-large size-large wp-post-image\" alt=\"Mexipedium xerophyticum &#039;Edelfeld&#039;\" srcset=\"https:\/\/staging.orchidee.de\/wp-content\/uploads\/Mexipedium-xerophyticum-Edelfeld-1024x652.jpg 1024w, https:\/\/staging.orchidee.de\/wp-content\/uploads\/Mexipedium-xerophyticum-Edelfeld-320x204.jpg 320w, https:\/\/staging.orchidee.de\/wp-content\/uploads\/Mexipedium-xerophyticum-Edelfeld-1536x977.jpg 1536w, https:\/\/staging.orchidee.de\/wp-content\/uploads\/Mexipedium-xerophyticum-Edelfeld-640x407.jpg 640w, https:\/\/staging.orchidee.de\/wp-content\/uploads\/Mexipedium-xerophyticum-Edelfeld-540x344.jpg 540w, https:\/\/staging.orchidee.de\/wp-content\/uploads\/Mexipedium-xerophyticum-Edelfeld-629x400.jpg 629w\" sizes=\"auto, (max-width: 1024px) 100vw, 1024px\" \/><\/a><\/div><h4 class=\"w-post-elm post_title usg_post_title_1 entry-title color_link_inherit\">Mexipedium xerophyticum &#8216;Edelfeld&#8217;<\/h4><div class=\"w-post-elm post_content usg_post_content_1\">09\/2021&hellip;<\/div>\t\t<\/div>\r\n\t<\/article>\r\n\t<article class=\"w-grid-item us_animate_afc off_autostart size_1x1 post-17113 us_portfolio type-us_portfolio status-publish has-post-thumbnail hentry us_portfolio_category-champion\" data-id=\"17113\" style=\"animation-delay:0.3s\">\r\n\t\t<div class=\"w-grid-item-h\">\r\n\t\t\t\t\t\t\t<a class=\"w-grid-item-anchor\" href=\"https:\/\/staging.orchidee.de\/en\/portfolio\/phragmipedium-woessner-pink-zuckersuess\/\" rel=\"bookmark\" aria-label=\"Phragmipedium W\u00f6ssner Pink &#8216;Zuckers\u00fc\u00df&#8217;\"><\/a>\r\n\t\t\t\t\t\t<div class=\"w-post-elm post_image usg_post_image_1 grid_corner_image as_circle stretched\"><a href=\"https:\/\/staging.orchidee.de\/en\/portfolio\/phragmipedium-woessner-pink-zuckersuess\/\" aria-label=\"Phragmipedium W\u00f6ssner Pink &#8216;Zuckers\u00fc\u00df&#8217;\"><img loading=\"lazy\" decoding=\"async\" width=\"683\" height=\"1024\" src=\"https:\/\/staging.orchidee.de\/wp-content\/uploads\/Phragmipedium-Woessner-Pink-Zuckersuess-683x1024.jpg\" class=\"attachment-large size-large wp-post-image\" alt=\"Phragmipedium W\u00f6ssner Pink &#039;Zuckers\u00fc\u00df&#039;\" srcset=\"https:\/\/staging.orchidee.de\/wp-content\/uploads\/Phragmipedium-Woessner-Pink-Zuckersuess-683x1024.jpg 683w, https:\/\/staging.orchidee.de\/wp-content\/uploads\/Phragmipedium-Woessner-Pink-Zuckersuess-213x320.jpg 213w, https:\/\/staging.orchidee.de\/wp-content\/uploads\/Phragmipedium-Woessner-Pink-Zuckersuess-1024x1536.jpg 1024w, https:\/\/staging.orchidee.de\/wp-content\/uploads\/Phragmipedium-Woessner-Pink-Zuckersuess-427x640.jpg 427w, https:\/\/staging.orchidee.de\/wp-content\/uploads\/Phragmipedium-Woessner-Pink-Zuckersuess-267x400.jpg 267w, https:\/\/staging.orchidee.de\/wp-content\/uploads\/Phragmipedium-Woessner-Pink-Zuckersuess.jpg 1600w\" sizes=\"auto, (max-width: 683px) 100vw, 683px\" \/><\/a><\/div><h4 class=\"w-post-elm post_title usg_post_title_1 entry-title color_link_inherit\">Phragmipedium W\u00f6ssner Pink &#8216;Zuckers\u00fc\u00df&#8217;<\/h4><div class=\"w-post-elm post_content usg_post_content_1\">08\/2021&hellip;<\/div>\t\t<\/div>\r\n\t<\/article>\r\n\t<article class=\"w-grid-item us_animate_afc off_autostart size_1x1 post-17109 us_portfolio type-us_portfolio status-publish has-post-thumbnail hentry us_portfolio_category-champion\" data-id=\"17109\" style=\"animation-delay:0.4s\">\r\n\t\t<div class=\"w-grid-item-h\">\r\n\t\t\t\t\t\t\t<a class=\"w-grid-item-anchor\" href=\"https:\/\/staging.orchidee.de\/en\/portfolio\/vanda-miniata-tengen\/\" rel=\"bookmark\" aria-label=\"Vanda miniata &#8216;Tengen&#8217;\"><\/a>\r\n\t\t\t\t\t\t<div class=\"w-post-elm post_image usg_post_image_1 grid_corner_image as_circle stretched\"><a href=\"https:\/\/staging.orchidee.de\/en\/portfolio\/vanda-miniata-tengen\/\" aria-label=\"Vanda miniata &#8216;Tengen&#8217;\"><img loading=\"lazy\" decoding=\"async\" width=\"1024\" height=\"913\" src=\"https:\/\/staging.orchidee.de\/wp-content\/uploads\/Vanda-miniata-Tengen-1024x913.jpg\" class=\"attachment-large size-large wp-post-image\" alt=\"Vanda miniata &#039;Tengen&#039;\" srcset=\"https:\/\/staging.orchidee.de\/wp-content\/uploads\/Vanda-miniata-Tengen-1024x913.jpg 1024w, https:\/\/staging.orchidee.de\/wp-content\/uploads\/Vanda-miniata-Tengen-320x285.jpg 320w, https:\/\/staging.orchidee.de\/wp-content\/uploads\/Vanda-miniata-Tengen-1536x1370.jpg 1536w, https:\/\/staging.orchidee.de\/wp-content\/uploads\/Vanda-miniata-Tengen-640x571.jpg 640w, https:\/\/staging.orchidee.de\/wp-content\/uploads\/Vanda-miniata-Tengen-449x400.jpg 449w\" sizes=\"auto, (max-width: 1024px) 100vw, 1024px\" \/><\/a><\/div><h4 class=\"w-post-elm post_title usg_post_title_1 entry-title color_link_inherit\">Vanda miniata &#8216;Tengen&#8217;<\/h4><div class=\"w-post-elm post_content usg_post_content_1\">07\/2021&hellip;<\/div>\t\t<\/div>\r\n\t<\/article>\r\n\t<article class=\"w-grid-item us_animate_afc off_autostart size_1x1 post-17105 us_portfolio type-us_portfolio status-publish has-post-thumbnail hentry us_portfolio_category-champion\" data-id=\"17105\" style=\"animation-delay:0.5s\">\r\n\t\t<div class=\"w-grid-item-h\">\r\n\t\t\t\t\t\t\t<a class=\"w-grid-item-anchor\" href=\"https:\/\/staging.orchidee.de\/en\/portfolio\/prosthechea-mariae-inge\/\" rel=\"bookmark\" aria-label=\"Prosthechea mariae &#8216;Inge&#8217;\"><\/a>\r\n\t\t\t\t\t\t<div class=\"w-post-elm post_image usg_post_image_1 grid_corner_image as_circle stretched\"><a href=\"https:\/\/staging.orchidee.de\/en\/portfolio\/prosthechea-mariae-inge\/\" aria-label=\"Prosthechea mariae &#8216;Inge&#8217;\"><img loading=\"lazy\" decoding=\"async\" width=\"1024\" height=\"766\" src=\"https:\/\/staging.orchidee.de\/wp-content\/uploads\/Prosthechea-mariae-Inge-1024x766.jpg\" class=\"attachment-large size-large wp-post-image\" alt=\"Prosthechea mariae &#039;Inge&#039;\" srcset=\"https:\/\/staging.orchidee.de\/wp-content\/uploads\/Prosthechea-mariae-Inge-1024x766.jpg 1024w, https:\/\/staging.orchidee.de\/wp-content\/uploads\/Prosthechea-mariae-Inge-320x239.jpg 320w, https:\/\/staging.orchidee.de\/wp-content\/uploads\/Prosthechea-mariae-Inge-1536x1149.jpg 1536w, https:\/\/staging.orchidee.de\/wp-content\/uploads\/Prosthechea-mariae-Inge-640x479.jpg 640w, https:\/\/staging.orchidee.de\/wp-content\/uploads\/Prosthechea-mariae-Inge-535x400.jpg 535w\" sizes=\"auto, (max-width: 1024px) 100vw, 1024px\" \/><\/a><\/div><h4 class=\"w-post-elm post_title usg_post_title_1 entry-title color_link_inherit\">Prosthechea mariae &#8216;Inge&#8217;<\/h4><div class=\"w-post-elm post_content usg_post_content_1\">06\/2021&hellip;<\/div>\t\t<\/div>\r\n\t<\/article>\r\n\t<article class=\"w-grid-item us_animate_afc off_autostart size_1x1 post-17099 us_portfolio type-us_portfolio status-publish has-post-thumbnail hentry us_portfolio_category-champion\" data-id=\"17099\" style=\"animation-delay:0s\">\r\n\t\t<div class=\"w-grid-item-h\">\r\n\t\t\t\t\t\t\t<a class=\"w-grid-item-anchor\" href=\"https:\/\/staging.orchidee.de\/en\/portfolio\/epidendrum-parkinsonianum-sk\/\" rel=\"bookmark\" aria-label=\"Epidendrum parkinsonianum &#8216;SK&#8217;\"><\/a>\r\n\t\t\t\t\t\t<div class=\"w-post-elm post_image usg_post_image_1 grid_corner_image as_circle stretched\"><a href=\"https:\/\/staging.orchidee.de\/en\/portfolio\/epidendrum-parkinsonianum-sk\/\" aria-label=\"Epidendrum parkinsonianum &#8216;SK&#8217;\"><img loading=\"lazy\" decoding=\"async\" width=\"679\" height=\"963\" src=\"https:\/\/staging.orchidee.de\/wp-content\/uploads\/Epidendrum-parkinsonianum-SK.jpg\" class=\"attachment-large size-large wp-post-image\" alt=\"Epidendrum parkinsonianum &#039;SK&#039;\" srcset=\"https:\/\/staging.orchidee.de\/wp-content\/uploads\/Epidendrum-parkinsonianum-SK.jpg 679w, https:\/\/staging.orchidee.de\/wp-content\/uploads\/Epidendrum-parkinsonianum-SK-226x320.jpg 226w, https:\/\/staging.orchidee.de\/wp-content\/uploads\/Epidendrum-parkinsonianum-SK-451x640.jpg 451w, https:\/\/staging.orchidee.de\/wp-content\/uploads\/Epidendrum-parkinsonianum-SK-282x400.jpg 282w\" sizes=\"auto, (max-width: 679px) 100vw, 679px\" \/><\/a><\/div><h4 class=\"w-post-elm post_title usg_post_title_1 entry-title color_link_inherit\">Epidendrum parkinsonianum &#8216;SK&#8217;<\/h4><div class=\"w-post-elm post_content usg_post_content_1\">05\/2021&hellip;<\/div>\t\t<\/div>\r\n\t<\/article>\r\n\t<article class=\"w-grid-item us_animate_afc off_autostart size_1x1 post-17095 us_portfolio type-us_portfolio status-publish has-post-thumbnail hentry us_portfolio_category-champion\" data-id=\"17095\" style=\"animation-delay:0.1s\">\r\n\t\t<div class=\"w-grid-item-h\">\r\n\t\t\t\t\t\t\t<a class=\"w-grid-item-anchor\" href=\"https:\/\/staging.orchidee.de\/en\/portfolio\/vanda-falcata-meine-erste\/\" rel=\"bookmark\" aria-label=\"Vanda falcata &#8216;Meine Erste&#8217;\"><\/a>\r\n\t\t\t\t\t\t<div class=\"w-post-elm post_image usg_post_image_1 grid_corner_image as_circle stretched\"><a href=\"https:\/\/staging.orchidee.de\/en\/portfolio\/vanda-falcata-meine-erste\/\" aria-label=\"Vanda falcata &#8216;Meine Erste&#8217;\"><img loading=\"lazy\" decoding=\"async\" width=\"1024\" height=\"768\" src=\"https:\/\/staging.orchidee.de\/wp-content\/uploads\/Vanda-falcata-Meine-Erste-1024x768.jpg\" class=\"attachment-large size-large wp-post-image\" alt=\"Vanda falcata &#039;Meine Erste&#039;\" srcset=\"https:\/\/staging.orchidee.de\/wp-content\/uploads\/Vanda-falcata-Meine-Erste-1024x768.jpg 1024w, https:\/\/staging.orchidee.de\/wp-content\/uploads\/Vanda-falcata-Meine-Erste-320x240.jpg 320w, https:\/\/staging.orchidee.de\/wp-content\/uploads\/Vanda-falcata-Meine-Erste-1536x1152.jpg 1536w, https:\/\/staging.orchidee.de\/wp-content\/uploads\/Vanda-falcata-Meine-Erste-640x480.jpg 640w, https:\/\/staging.orchidee.de\/wp-content\/uploads\/Vanda-falcata-Meine-Erste-533x400.jpg 533w\" sizes=\"auto, (max-width: 1024px) 100vw, 1024px\" \/><\/a><\/div><h4 class=\"w-post-elm post_title usg_post_title_1 entry-title color_link_inherit\">Vanda falcata &#8216;Meine Erste&#8217;<\/h4><div class=\"w-post-elm post_content usg_post_content_1\">04\/2021&hellip;<\/div>\t\t<\/div>\r\n\t<\/article>\r\n\t<article class=\"w-grid-item us_animate_afc off_autostart size_1x1 post-17091 us_portfolio type-us_portfolio status-publish has-post-thumbnail hentry us_portfolio_category-champion\" data-id=\"17091\" style=\"animation-delay:0.2s\">\r\n\t\t<div class=\"w-grid-item-h\">\r\n\t\t\t\t\t\t\t<a class=\"w-grid-item-anchor\" href=\"https:\/\/staging.orchidee.de\/en\/portfolio\/phalaenopsis-schilleriana-nelly\/\" rel=\"bookmark\" aria-label=\"Phalaenopsis schilleriana &#8216;Nelly&#8217;\"><\/a>\r\n\t\t\t\t\t\t<div class=\"w-post-elm post_image usg_post_image_1 grid_corner_image as_circle stretched\"><a href=\"https:\/\/staging.orchidee.de\/en\/portfolio\/phalaenopsis-schilleriana-nelly\/\" aria-label=\"Phalaenopsis schilleriana &#8216;Nelly&#8217;\"><img loading=\"lazy\" decoding=\"async\" width=\"1024\" height=\"1024\" src=\"https:\/\/staging.orchidee.de\/wp-content\/uploads\/Phalaenopsis-schilleriana-Nelly-1024x1024.jpg\" class=\"attachment-large size-large wp-post-image\" alt=\"Phalaenopsis schilleriana &#039;Nelly&#039;\" srcset=\"https:\/\/staging.orchidee.de\/wp-content\/uploads\/Phalaenopsis-schilleriana-Nelly-1024x1024.jpg 1024w, https:\/\/staging.orchidee.de\/wp-content\/uploads\/Phalaenopsis-schilleriana-Nelly-320x320.jpg 320w, https:\/\/staging.orchidee.de\/wp-content\/uploads\/Phalaenopsis-schilleriana-Nelly-150x150.jpg 150w, https:\/\/staging.orchidee.de\/wp-content\/uploads\/Phalaenopsis-schilleriana-Nelly-300x300.jpg 300w, https:\/\/staging.orchidee.de\/wp-content\/uploads\/Phalaenopsis-schilleriana-Nelly-1536x1536.jpg 1536w, https:\/\/staging.orchidee.de\/wp-content\/uploads\/Phalaenopsis-schilleriana-Nelly-640x640.jpg 640w, https:\/\/staging.orchidee.de\/wp-content\/uploads\/Phalaenopsis-schilleriana-Nelly-400x400.jpg 400w, https:\/\/staging.orchidee.de\/wp-content\/uploads\/Phalaenopsis-schilleriana-Nelly-1000x1000.jpg 1000w\" sizes=\"auto, (max-width: 1024px) 100vw, 1024px\" \/><\/a><\/div><h4 class=\"w-post-elm post_title usg_post_title_1 entry-title color_link_inherit\">Phalaenopsis schilleriana &#8216;Nelly&#8217;<\/h4><div class=\"w-post-elm post_content usg_post_content_1\">03\/2021&hellip;<\/div>\t\t<\/div>\r\n\t<\/article>\r\n\t<article class=\"w-grid-item us_animate_afc off_autostart size_1x1 post-17087 us_portfolio type-us_portfolio status-publish has-post-thumbnail hentry us_portfolio_category-champion\" data-id=\"17087\" style=\"animation-delay:0.3s\">\r\n\t\t<div class=\"w-grid-item-h\">\r\n\t\t\t\t\t\t\t<a class=\"w-grid-item-anchor\" href=\"https:\/\/staging.orchidee.de\/en\/portfolio\/paphiopedilum-sandro-botticelli-primavera\/\" rel=\"bookmark\" aria-label=\"Paphiopedilum Sandro Botticelli &#8216;Primavera&#8217;\"><\/a>\r\n\t\t\t\t\t\t<div class=\"w-post-elm post_image usg_post_image_1 grid_corner_image as_circle stretched\"><a href=\"https:\/\/staging.orchidee.de\/en\/portfolio\/paphiopedilum-sandro-botticelli-primavera\/\" aria-label=\"Paphiopedilum Sandro Botticelli &#8216;Primavera&#8217;\"><img loading=\"lazy\" decoding=\"async\" width=\"720\" height=\"960\" src=\"https:\/\/staging.orchidee.de\/wp-content\/uploads\/Paphiopedilum-Sandro-Botticelli-Primavera.jpg\" class=\"attachment-large size-large wp-post-image\" alt=\"Paphiopedilum Sandro Botticelli &#039;Primavera&#039;\" srcset=\"https:\/\/staging.orchidee.de\/wp-content\/uploads\/Paphiopedilum-Sandro-Botticelli-Primavera.jpg 720w, https:\/\/staging.orchidee.de\/wp-content\/uploads\/Paphiopedilum-Sandro-Botticelli-Primavera-240x320.jpg 240w, https:\/\/staging.orchidee.de\/wp-content\/uploads\/Paphiopedilum-Sandro-Botticelli-Primavera-300x400.jpg 300w, https:\/\/staging.orchidee.de\/wp-content\/uploads\/Paphiopedilum-Sandro-Botticelli-Primavera-480x640.jpg 480w\" sizes=\"auto, (max-width: 720px) 100vw, 720px\" \/><\/a><\/div><h4 class=\"w-post-elm post_title usg_post_title_1 entry-title color_link_inherit\">Paphiopedilum Sandro Botticelli &#8216;Primavera&#8217;<\/h4><div class=\"w-post-elm post_content usg_post_content_1\">02\/2021&hellip;<\/div>\t\t<\/div>\r\n\t<\/article>\r\n\t<article class=\"w-grid-item us_animate_afc off_autostart size_1x1 post-17083 us_portfolio type-us_portfolio status-publish has-post-thumbnail hentry us_portfolio_category-champion\" data-id=\"17083\" style=\"animation-delay:0.4s\">\r\n\t\t<div class=\"w-grid-item-h\">\r\n\t\t\t\t\t\t\t<a class=\"w-grid-item-anchor\" href=\"https:\/\/staging.orchidee.de\/en\/portfolio\/phragmipedium-dalessandroi-herbstgluehen\/\" rel=\"bookmark\" aria-label=\"Phragmipedium dalessandroi &#8216;Herbstgl\u00fchen&#8217;\"><\/a>\r\n\t\t\t\t\t\t<div class=\"w-post-elm post_image usg_post_image_1 grid_corner_image as_circle stretched\"><a href=\"https:\/\/staging.orchidee.de\/en\/portfolio\/phragmipedium-dalessandroi-herbstgluehen\/\" aria-label=\"Phragmipedium dalessandroi &#8216;Herbstgl\u00fchen&#8217;\"><img loading=\"lazy\" decoding=\"async\" width=\"1024\" height=\"683\" src=\"https:\/\/staging.orchidee.de\/wp-content\/uploads\/Phragmipedium-dalessandroi-Herbstgluehen-1024x683.jpg\" class=\"attachment-large size-large wp-post-image\" alt=\"Phragmipedium dalessandroi &#039;Herbstgl\u00fchen&#039;\" srcset=\"https:\/\/staging.orchidee.de\/wp-content\/uploads\/Phragmipedium-dalessandroi-Herbstgluehen-1024x683.jpg 1024w, https:\/\/staging.orchidee.de\/wp-content\/uploads\/Phragmipedium-dalessandroi-Herbstgluehen-320x213.jpg 320w, https:\/\/staging.orchidee.de\/wp-content\/uploads\/Phragmipedium-dalessandroi-Herbstgluehen-391x260.jpg 391w, https:\/\/staging.orchidee.de\/wp-content\/uploads\/Phragmipedium-dalessandroi-Herbstgluehen-600x400.jpg 600w, https:\/\/staging.orchidee.de\/wp-content\/uploads\/Phragmipedium-dalessandroi-Herbstgluehen-1536x1024.jpg 1536w, https:\/\/staging.orchidee.de\/wp-content\/uploads\/Phragmipedium-dalessandroi-Herbstgluehen-640x427.jpg 640w, https:\/\/staging.orchidee.de\/wp-content\/uploads\/Phragmipedium-dalessandroi-Herbstgluehen-540x360.jpg 540w\" sizes=\"auto, (max-width: 1024px) 100vw, 1024px\" \/><\/a><\/div><h4 class=\"w-post-elm post_title usg_post_title_1 entry-title color_link_inherit\">Phragmipedium dalessandroi &#8216;Herbstgl\u00fchen&#8217;<\/h4><div class=\"w-post-elm post_content usg_post_content_1\">01\/2021&hellip;<\/div>\t\t<\/div>\r\n\t<\/article>\r\n\t<article class=\"w-grid-item us_animate_afc off_autostart size_1x1 post-17076 us_portfolio type-us_portfolio status-publish has-post-thumbnail hentry us_portfolio_category-champion\" data-id=\"17076\" style=\"animation-delay:0.5s\">\r\n\t\t<div class=\"w-grid-item-h\">\r\n\t\t\t\t\t\t\t<a class=\"w-grid-item-anchor\" href=\"https:\/\/staging.orchidee.de\/en\/portfolio\/cattleya-cernua-allensbach\/\" rel=\"bookmark\" aria-label=\"Cattleya cernua &#8216;Allensbach&#8217;\"><\/a>\r\n\t\t\t\t\t\t<div class=\"w-post-elm post_image usg_post_image_1 grid_corner_image as_circle stretched\"><a href=\"https:\/\/staging.orchidee.de\/en\/portfolio\/cattleya-cernua-allensbach\/\" aria-label=\"Cattleya cernua &#8216;Allensbach&#8217;\"><img loading=\"lazy\" decoding=\"async\" width=\"1024\" height=\"614\" src=\"https:\/\/staging.orchidee.de\/wp-content\/uploads\/Cattleya-cernua-Allensbach-1024x614.jpg\" class=\"attachment-large size-large wp-post-image\" alt=\"\" srcset=\"https:\/\/staging.orchidee.de\/wp-content\/uploads\/Cattleya-cernua-Allensbach-1024x614.jpg 1024w, https:\/\/staging.orchidee.de\/wp-content\/uploads\/Cattleya-cernua-Allensbach-320x192.jpg 320w, https:\/\/staging.orchidee.de\/wp-content\/uploads\/Cattleya-cernua-Allensbach-1536x920.jpg 1536w, https:\/\/staging.orchidee.de\/wp-content\/uploads\/Cattleya-cernua-Allensbach-640x383.jpg 640w, https:\/\/staging.orchidee.de\/wp-content\/uploads\/Cattleya-cernua-Allensbach-540x324.jpg 540w, https:\/\/staging.orchidee.de\/wp-content\/uploads\/Cattleya-cernua-Allensbach-668x400.jpg 668w\" sizes=\"auto, (max-width: 1024px) 100vw, 1024px\" \/><\/a><\/div><h4 class=\"w-post-elm post_title usg_post_title_1 entry-title color_link_inherit\">Cattleya cernua &#8216;Allensbach&#8217;<\/h4><div class=\"w-post-elm post_content usg_post_content_1\">12\/2020&hellip;<\/div>\t\t<\/div>\r\n\t<\/article>\r\n\t<article class=\"w-grid-item us_animate_afc off_autostart size_1x1 post-17071 us_portfolio type-us_portfolio status-publish has-post-thumbnail hentry us_portfolio_category-champion\" data-id=\"17071\" style=\"animation-delay:0s\">\r\n\t\t<div class=\"w-grid-item-h\">\r\n\t\t\t\t\t\t\t<a class=\"w-grid-item-anchor\" href=\"https:\/\/staging.orchidee.de\/en\/portfolio\/cattleya-maxima-f-coerula-hegau\/\" rel=\"bookmark\" aria-label=\"Cattleya maxima f. coerulea &#8216;Hegau&#8217;\"><\/a>\r\n\t\t\t\t\t\t<div class=\"w-post-elm post_image usg_post_image_1 grid_corner_image as_circle stretched\"><a href=\"https:\/\/staging.orchidee.de\/en\/portfolio\/cattleya-maxima-f-coerula-hegau\/\" aria-label=\"Cattleya maxima f. coerulea &#8216;Hegau&#8217;\"><img loading=\"lazy\" decoding=\"async\" width=\"784\" height=\"1024\" src=\"https:\/\/staging.orchidee.de\/wp-content\/uploads\/Cattleya-maxima-f-coerulea-Hegau-784x1024.jpg\" class=\"attachment-large size-large wp-post-image\" alt=\"Cattleya maxima f. coerulea &#039;Hegau&#039;\" srcset=\"https:\/\/staging.orchidee.de\/wp-content\/uploads\/Cattleya-maxima-f-coerulea-Hegau-784x1024.jpg 784w, https:\/\/staging.orchidee.de\/wp-content\/uploads\/Cattleya-maxima-f-coerulea-Hegau-245x320.jpg 245w, https:\/\/staging.orchidee.de\/wp-content\/uploads\/Cattleya-maxima-f-coerulea-Hegau-1176x1536.jpg 1176w, https:\/\/staging.orchidee.de\/wp-content\/uploads\/Cattleya-maxima-f-coerulea-Hegau-490x640.jpg 490w, https:\/\/staging.orchidee.de\/wp-content\/uploads\/Cattleya-maxima-f-coerulea-Hegau-306x400.jpg 306w, https:\/\/staging.orchidee.de\/wp-content\/uploads\/Cattleya-maxima-f-coerulea-Hegau.jpg 1837w\" sizes=\"auto, (max-width: 784px) 100vw, 784px\" \/><\/a><\/div><h4 class=\"w-post-elm post_title usg_post_title_1 entry-title color_link_inherit\">Cattleya maxima f. coerulea &#8216;Hegau&#8217;<\/h4><div class=\"w-post-elm post_content usg_post_content_1\">11\/2020&hellip;<\/div>\t\t<\/div>\r\n\t<\/article>\r\n\t<article class=\"w-grid-item us_animate_afc off_autostart size_1x1 post-17066 us_portfolio type-us_portfolio status-publish has-post-thumbnail hentry us_portfolio_category-champion\" data-id=\"17066\" style=\"animation-delay:0.1s\">\r\n\t\t<div class=\"w-grid-item-h\">\r\n\t\t\t\t\t\t\t<a class=\"w-grid-item-anchor\" href=\"https:\/\/staging.orchidee.de\/en\/portfolio\/paphiopedilum-michael-koopowitz-schanz-strub-3\/\" rel=\"bookmark\" aria-label=\"Dracula minax &#8216;Scary Carol&#8217;\"><\/a>\r\n\t\t\t\t\t\t<div class=\"w-post-elm post_image usg_post_image_1 grid_corner_image as_circle stretched\"><a href=\"https:\/\/staging.orchidee.de\/en\/portfolio\/paphiopedilum-michael-koopowitz-schanz-strub-3\/\" aria-label=\"Dracula minax &#8216;Scary Carol&#8217;\"><img loading=\"lazy\" decoding=\"async\" width=\"1024\" height=\"1024\" src=\"https:\/\/staging.orchidee.de\/wp-content\/uploads\/Dracula-minax-Scary-Carol-1024x1024.jpg\" class=\"attachment-large size-large wp-post-image\" alt=\"Dracula minax &#039;Scary Carol&#039;\" srcset=\"https:\/\/staging.orchidee.de\/wp-content\/uploads\/Dracula-minax-Scary-Carol-1024x1024.jpg 1024w, https:\/\/staging.orchidee.de\/wp-content\/uploads\/Dracula-minax-Scary-Carol-320x320.jpg 320w, https:\/\/staging.orchidee.de\/wp-content\/uploads\/Dracula-minax-Scary-Carol-150x150.jpg 150w, https:\/\/staging.orchidee.de\/wp-content\/uploads\/Dracula-minax-Scary-Carol-300x300.jpg 300w, https:\/\/staging.orchidee.de\/wp-content\/uploads\/Dracula-minax-Scary-Carol-640x640.jpg 640w, https:\/\/staging.orchidee.de\/wp-content\/uploads\/Dracula-minax-Scary-Carol-400x400.jpg 400w, https:\/\/staging.orchidee.de\/wp-content\/uploads\/Dracula-minax-Scary-Carol-1000x1000.jpg 1000w, https:\/\/staging.orchidee.de\/wp-content\/uploads\/Dracula-minax-Scary-Carol.jpg 1440w\" sizes=\"auto, (max-width: 1024px) 100vw, 1024px\" \/><\/a><\/div><h4 class=\"w-post-elm post_title usg_post_title_1 entry-title color_link_inherit\">Dracula minax &#8216;Scary Carol&#8217;<\/h4><div class=\"w-post-elm post_content usg_post_content_1\">10\/2020&hellip;<\/div>\t\t<\/div>\r\n\t<\/article>\r\n\t<article class=\"w-grid-item us_animate_afc off_autostart size_1x1 post-17202 us_portfolio type-us_portfolio status-publish has-post-thumbnail hentry us_portfolio_category-main-page\" data-id=\"17202\" style=\"animation-delay:0.2s\">\r\n\t\t<div class=\"w-grid-item-h\" style=\"background:#363845;color:#ffffff;\">\r\n\t\t\t\t\t\t\t<a class=\"w-grid-item-anchor\" href=\"https:\/\/staging.orchidee.de\/en\/portfolio\/events\/\" rel=\"bookmark\" aria-label=\"Events\"><\/a>\r\n\t\t\t\t\t\t<div class=\"w-post-elm post_image usg_post_image_1 grid_corner_image as_circle stretched\"><a href=\"https:\/\/staging.orchidee.de\/en\/portfolio\/events\/\" aria-label=\"Events\"><img loading=\"lazy\" decoding=\"async\" width=\"1024\" height=\"768\" src=\"https:\/\/staging.orchidee.de\/wp-content\/uploads\/Bewerterrunde-1024x768.jpg\" class=\"attachment-large size-large wp-post-image\" alt=\"\" srcset=\"https:\/\/staging.orchidee.de\/wp-content\/uploads\/Bewerterrunde-1024x768.jpg 1024w, https:\/\/staging.orchidee.de\/wp-content\/uploads\/Bewerterrunde-320x240.jpg 320w, https:\/\/staging.orchidee.de\/wp-content\/uploads\/Bewerterrunde-1536x1152.jpg 1536w, https:\/\/staging.orchidee.de\/wp-content\/uploads\/Bewerterrunde-640x480.jpg 640w, https:\/\/staging.orchidee.de\/wp-content\/uploads\/Bewerterrunde-533x400.jpg 533w\" sizes=\"auto, (max-width: 1024px) 100vw, 1024px\" \/><\/a><\/div><h4 class=\"w-post-elm post_title usg_post_title_1 entry-title color_link_inherit\">Events<\/h4><div class=\"w-post-elm post_content usg_post_content_1\">[vc_raw_js]JTNDc2NyaXB0JTIwdHlwZSUzRCUyMnRleHQlMkZqYXZhc2NyaXB0JTIyJTNFJTIwd2luZG93LmxvY2F0aW9uLnJlcGxhY2UlMjglMjIlMkZlbiUyRnZlcmFuc3RhbHR1bmdlbiUyRiUyMiUyOSUzQiUyMCUzQyUyRnNjcmlwdCUzRQ==[\/vc_raw_js]<\/div>\t\t<\/div>\r\n\t<\/article>\r\n\t<article class=\"w-grid-item us_animate_afc off_autostart size_1x1 post-17200 us_portfolio type-us_portfolio status-publish has-post-thumbnail hentry us_portfolio_category-main-page\" data-id=\"17200\" style=\"animation-delay:0.3s\">\r\n\t\t<div class=\"w-grid-item-h\" style=\"background:#6b748b;color:#ffffff;\">\r\n\t\t\t\t\t\t\t<a class=\"w-grid-item-anchor\" href=\"https:\/\/staging.orchidee.de\/en\/portfolio\/orchid-culture\/\" rel=\"bookmark\" aria-label=\"Orchid Culture\"><\/a>\r\n\t\t\t\t\t\t<div class=\"w-post-elm post_image usg_post_image_1 grid_corner_image as_circle stretched\"><a href=\"https:\/\/staging.orchidee.de\/en\/portfolio\/orchid-culture\/\" aria-label=\"Orchid Culture\"><img loading=\"lazy\" decoding=\"async\" width=\"1024\" height=\"683\" src=\"https:\/\/staging.orchidee.de\/wp-content\/uploads\/Phragmipedium-Glen-Decker_DK-1024x683.jpg\" class=\"attachment-large size-large wp-post-image\" alt=\"\" srcset=\"https:\/\/staging.orchidee.de\/wp-content\/uploads\/Phragmipedium-Glen-Decker_DK-1024x683.jpg 1024w, https:\/\/staging.orchidee.de\/wp-content\/uploads\/Phragmipedium-Glen-Decker_DK-320x213.jpg 320w, https:\/\/staging.orchidee.de\/wp-content\/uploads\/Phragmipedium-Glen-Decker_DK-391x260.jpg 391w, https:\/\/staging.orchidee.de\/wp-content\/uploads\/Phragmipedium-Glen-Decker_DK-600x400.jpg 600w, https:\/\/staging.orchidee.de\/wp-content\/uploads\/Phragmipedium-Glen-Decker_DK-1536x1024.jpg 1536w, https:\/\/staging.orchidee.de\/wp-content\/uploads\/Phragmipedium-Glen-Decker_DK-640x427.jpg 640w, https:\/\/staging.orchidee.de\/wp-content\/uploads\/Phragmipedium-Glen-Decker_DK-540x360.jpg 540w, https:\/\/staging.orchidee.de\/wp-content\/uploads\/Phragmipedium-Glen-Decker_DK.jpg 1800w\" sizes=\"auto, (max-width: 1024px) 100vw, 1024px\" \/><\/a><\/div><h4 class=\"w-post-elm post_title usg_post_title_1 entry-title color_link_inherit\">Orchid Culture<\/h4><div class=\"w-post-elm post_content usg_post_content_1\">[vc_raw_js]JTNDc2NyaXB0JTIwdHlwZSUzRCUyMnRleHQlMkZqYXZhc2NyaXB0JTIyJTNFJTIwd2luZG93LmxvY2F0aW9uLnJlcGxhY2UlMjglMjIlMkZkaWUtb3JjaGlkZWUlMkYlMjIlMjklM0IlMjAlM0MlMkZzY3JpcHQlM0U=[\/vc_raw_js]<\/div>\t\t<\/div>\r\n\t<\/article>\r\n\t<article class=\"w-grid-item us_animate_afc off_autostart size_1x2 post-17198 us_portfolio type-us_portfolio status-publish has-post-thumbnail hentry us_portfolio_category-main-page\" data-id=\"17198\" style=\"animation-delay:0.4s\">\r\n\t\t<div class=\"w-grid-item-h\" style=\"background:var(--color-header-middle-text-hover);color:#ffffff;\">\r\n\t\t\t\t\t\t\t<a class=\"w-grid-item-anchor\" href=\"https:\/\/staging.orchidee.de\/en\/portfolio\/online-champion\/\" rel=\"bookmark\" aria-label=\"Online Champion\"><\/a>\r\n\t\t\t\t\t\t<div class=\"w-post-elm post_image usg_post_image_1 grid_corner_image as_circle stretched\"><a href=\"https:\/\/staging.orchidee.de\/en\/portfolio\/online-champion\/\" aria-label=\"Online Champion\"><img loading=\"lazy\" decoding=\"async\" width=\"1024\" height=\"683\" src=\"https:\/\/staging.orchidee.de\/wp-content\/uploads\/Paphiopedilum-Jakub-Szlachetko_DK-1024x683.jpg\" class=\"attachment-large size-large wp-post-image\" alt=\"\" srcset=\"https:\/\/staging.orchidee.de\/wp-content\/uploads\/Paphiopedilum-Jakub-Szlachetko_DK-1024x683.jpg 1024w, https:\/\/staging.orchidee.de\/wp-content\/uploads\/Paphiopedilum-Jakub-Szlachetko_DK-320x213.jpg 320w, https:\/\/staging.orchidee.de\/wp-content\/uploads\/Paphiopedilum-Jakub-Szlachetko_DK-391x260.jpg 391w, https:\/\/staging.orchidee.de\/wp-content\/uploads\/Paphiopedilum-Jakub-Szlachetko_DK-600x400.jpg 600w, https:\/\/staging.orchidee.de\/wp-content\/uploads\/Paphiopedilum-Jakub-Szlachetko_DK-1536x1024.jpg 1536w, https:\/\/staging.orchidee.de\/wp-content\/uploads\/Paphiopedilum-Jakub-Szlachetko_DK-640x427.jpg 640w, https:\/\/staging.orchidee.de\/wp-content\/uploads\/Paphiopedilum-Jakub-Szlachetko_DK-540x360.jpg 540w\" sizes=\"auto, (max-width: 1024px) 100vw, 1024px\" \/><\/a><\/div><h4 class=\"w-post-elm post_title usg_post_title_1 entry-title color_link_inherit\">Online Champion<\/h4><div class=\"w-post-elm post_content usg_post_content_1\">[vc_raw_js]JTNDc2NyaXB0JTIwdHlwZSUzRCUyMnRleHQlMkZqYXZhc2NyaXB0JTIyJTNFJTIwd2luZG93LmxvY2F0aW9uLnJlcGxhY2UlMjglMjIlMkZlbiUyRm9ubGluZS1jaGFtcGlvbiUyRiUyMiUyOSUzQiUyMCUzQyUyRnNjcmlwdCUzRQ==[\/vc_raw_js]<\/div>\t\t<\/div>\r\n\t<\/article>\r\n\t<article class=\"w-grid-item us_animate_afc off_autostart size_1x1 post-17196 us_portfolio type-us_portfolio status-publish has-post-thumbnail hentry us_portfolio_category-main-page\" data-id=\"17196\" style=\"animation-delay:0.5s\">\r\n\t\t<div class=\"w-grid-item-h\" style=\"background:#dce0e3;color:#6b748b;\">\r\n\t\t\t\t\t\t\t<a class=\"w-grid-item-anchor\" href=\"https:\/\/staging.orchidee.de\/en\/portfolio\/orchid-society\/\" rel=\"bookmark\" aria-label=\"Orchid Society\"><\/a>\r\n\t\t\t\t\t\t<div class=\"w-post-elm post_image usg_post_image_1 grid_corner_image as_circle stretched\"><a href=\"https:\/\/staging.orchidee.de\/en\/portfolio\/orchid-society\/\" aria-label=\"Orchid Society\"><img loading=\"lazy\" decoding=\"async\" width=\"1024\" height=\"829\" src=\"https:\/\/staging.orchidee.de\/wp-content\/uploads\/Hand-in-Hand-1024x829.jpg\" class=\"attachment-large size-large wp-post-image\" alt=\"\" srcset=\"https:\/\/staging.orchidee.de\/wp-content\/uploads\/Hand-in-Hand-1024x829.jpg 1024w, https:\/\/staging.orchidee.de\/wp-content\/uploads\/Hand-in-Hand-320x259.jpg 320w, https:\/\/staging.orchidee.de\/wp-content\/uploads\/Hand-in-Hand-1536x1244.jpg 1536w, https:\/\/staging.orchidee.de\/wp-content\/uploads\/Hand-in-Hand-640x518.jpg 640w, https:\/\/staging.orchidee.de\/wp-content\/uploads\/Hand-in-Hand-494x400.jpg 494w\" sizes=\"auto, (max-width: 1024px) 100vw, 1024px\" \/><\/a><\/div><h4 class=\"w-post-elm post_title usg_post_title_1 entry-title color_link_inherit\">Orchid Society<\/h4><div class=\"w-post-elm post_content usg_post_content_1\">[vc_raw_js]JTNDc2NyaXB0JTIwdHlwZSUzRCUyMnRleHQlMkZqYXZhc2NyaXB0JTIyJTNFJTIwd2luZG93LmxvY2F0aW9uLnJlcGxhY2UlMjglMjIlMkZlbiUyRnNvY2lldHklMkYlMjIlMjklM0IlMjAlM0MlMkZzY3JpcHQlM0U=[\/vc_raw_js]<\/div>\t\t<\/div>\r\n\t<\/article>\r\n\t<article class=\"w-grid-item us_animate_afc off_autostart size_1x1 post-17192 us_portfolio type-us_portfolio status-publish has-post-thumbnail hentry us_portfolio_category-main-page\" data-id=\"17192\" style=\"animation-delay:0s\">\r\n\t\t<div class=\"w-grid-item-h\" style=\"background:#2b2c36;color:#dce0e3;\">\r\n\t\t\t\t\t\t\t<a class=\"w-grid-item-anchor\" href=\"https:\/\/staging.orchidee.de\/en\/portfolio\/forum-en\/\" rel=\"bookmark\" aria-label=\"Bulletin board\"><\/a>\r\n\t\t\t\t\t\t<div class=\"w-post-elm post_image usg_post_image_1 grid_corner_image as_circle stretched\"><a href=\"https:\/\/staging.orchidee.de\/en\/portfolio\/forum-en\/\" aria-label=\"Bulletin board\"><img loading=\"lazy\" decoding=\"async\" width=\"683\" height=\"1024\" src=\"https:\/\/staging.orchidee.de\/wp-content\/uploads\/Rhynchostele-x-humeana-Guenther_DK-683x1024.jpg\" class=\"attachment-large size-large wp-post-image\" alt=\"\" srcset=\"https:\/\/staging.orchidee.de\/wp-content\/uploads\/Rhynchostele-x-humeana-Guenther_DK-683x1024.jpg 683w, https:\/\/staging.orchidee.de\/wp-content\/uploads\/Rhynchostele-x-humeana-Guenther_DK-213x320.jpg 213w, https:\/\/staging.orchidee.de\/wp-content\/uploads\/Rhynchostele-x-humeana-Guenther_DK-1024x1536.jpg 1024w, https:\/\/staging.orchidee.de\/wp-content\/uploads\/Rhynchostele-x-humeana-Guenther_DK-427x640.jpg 427w, https:\/\/staging.orchidee.de\/wp-content\/uploads\/Rhynchostele-x-humeana-Guenther_DK-267x400.jpg 267w, https:\/\/staging.orchidee.de\/wp-content\/uploads\/Rhynchostele-x-humeana-Guenther_DK.jpg 1200w\" sizes=\"auto, (max-width: 683px) 100vw, 683px\" \/><\/a><\/div><h4 class=\"w-post-elm post_title usg_post_title_1 entry-title color_link_inherit\">Bulletin board<\/h4><div class=\"w-post-elm post_content usg_post_content_1\">[vc_raw_js]JTNDc2NyaXB0JTIwdHlwZSUzRCUyMnRleHQlMkZqYXZhc2NyaXB0JTIyJTNFJTIwd2luZG93LmxvY2F0aW9uLnJlcGxhY2UlMjglMjJodHRwcyUzQSUyRiUyRmZvcnVtLm9yY2hpZGVlLmRlJTJGJTIyJTI5JTNCJTIwJTNDJTJGc2NyaXB0JTNF[\/vc_raw_js]<\/div>\t\t<\/div>\r\n\t<\/article>\r\n<\/div><div class=\"w-grid-preloader\"><div class=\"g-preloader type_1\">\r\n\t<div><\/div>\r\n<\/div>\r\n<\/div>\t<div class=\"w-grid-json hidden\" onclick='return {&quot;action&quot;:&quot;us_ajax_grid&quot;,&quot;ajax_url&quot;:&quot;https:\\\/\\\/staging.orchidee.de\\\/wp-admin\\\/admin-ajax.php&quot;,&quot;infinite_scroll&quot;:0,&quot;max_num_pages&quot;:1,&quot;pagination&quot;:&quot;none&quot;,&quot;permalink_url&quot;:&quot;https:\\\/\\\/staging.orchidee.de\\\/en\\\/wp-json\\\/wp\\\/v2\\\/pages\\\/39\\\/&quot;,&quot;template_vars&quot;:{&quot;columns&quot;:&quot;3&quot;,&quot;exclude_items&quot;:&quot;none&quot;,&quot;img_size&quot;:&quot;default&quot;,&quot;ignore_items_size&quot;:0,&quot;items_layout&quot;:&quot;5987&quot;,&quot;items_offset&quot;:&quot;1&quot;,&quot;load_animation&quot;:&quot;afc&quot;,&quot;overriding_link&quot;:&quot;post&quot;,&quot;post_id&quot;:39,&quot;query_args&quot;:{&quot;post_type&quot;:[&quot;us_portfolio&quot;],&quot;post_status&quot;:[&quot;publish&quot;],&quot;posts_per_page&quot;:999},&quot;orderby_query_args&quot;:{&quot;orderby&quot;:{&quot;date&quot;:&quot;DESC&quot;}},&quot;type&quot;:&quot;masonry&quot;,&quot;us_grid_ajax_index&quot;:1,&quot;us_grid_filter_params&quot;:null,&quot;us_grid_index&quot;:1,&quot;_us_grid_post_type&quot;:&quot;us_portfolio&quot;,&quot;lang&quot;:&quot;en&quot;}}'><\/div>\r\n\t<\/div><\/div><\/div><\/div><\/div><\/section>\n","protected":false},"excerpt":{"rendered":"[vc_raw_js]JTNDc2NyaXB0JTIwdHlwZSUzRCUyMnRleHQlMkZqYXZhc2NyaXB0JTIyJTNFJTIwd2luZG93LmxvY2F0aW9uLnJlcGxhY2UlMjglMjJodHRwcyUzQSUyRiUyRmZvcnVtLm9yY2hpZGVlLmRlJTJGJTIyJTI5JTNCJTIwJTNDJTJGc2NyaXB0JTNF[\/vc_raw_js]","protected":false},"author":9,"featured_media":0,"parent":0,"menu_order":0,"comment_status":"closed","ping_status":"closed","template":"","meta":{"footnotes":""},"class_list":["post-39","page","type-page","status-publish","hentry"],"_links":{"self":[{"href":"https:\/\/staging.orchidee.de\/en\/wp-json\/wp\/v2\/pages\/39","targetHints":{"allow":["GET"]}}],"collection":[{"href":"https:\/\/staging.orchidee.de\/en\/wp-json\/wp\/v2\/pages"}],"about":[{"href":"https:\/\/staging.orchidee.de\/en\/wp-json\/wp\/v2\/types\/page"}],"author":[{"embeddable":true,"href":"https:\/\/staging.orchidee.de\/en\/wp-json\/wp\/v2\/users\/9"}],"replies":[{"embeddable":true,"href":"https:\/\/staging.orchidee.de\/en\/wp-json\/wp\/v2\/comments?post=39"}],"version-history":[{"count":1,"href":"https:\/\/staging.orchidee.de\/en\/wp-json\/wp\/v2\/pages\/39\/revisions"}],"predecessor-version":[{"id":19831,"href":"https:\/\/staging.orchidee.de\/en\/wp-json\/wp\/v2\/pages\/39\/revisions\/19831"}],"wp:attachment":[{"href":"https:\/\/staging.orchidee.de\/en\/wp-json\/wp\/v2\/media?parent=39"}],"curies":[{"name":"wp","href":"https:\/\/api.w.org\/{rel}","templated":true}]}}